{"id":1398,"date":"2024-08-01T19:23:04","date_gmt":"2024-08-01T22:23:04","guid":{"rendered":"https:\/\/fpciclismo.org.br\/?page_id=1398"},"modified":"2024-12-23T12:44:59","modified_gmt":"2024-12-23T15:44:59","slug":"mtb","status":"publish","type":"page","link":"https:\/\/fpciclismo.org.br\/index.php\/mtb\/","title":{"rendered":"MTB"},"content":{"rendered":"\t\t<div data-elementor-type=\"wp-page\" data-elementor-id=\"1398\" class=\"elementor elementor-1398\" data-elementor-post-type=\"page\">\n\t\t\t\t\t\t<section class=\"elementor-section elementor-top-section elementor-element elementor-element-12c2cfe elementor-section-boxed elementor-section-height-default elementor-section-height-default\" data-id=\"12c2cfe\" data-element_type=\"section\" data-settings=\"{&quot;background_background&quot;:&quot;classic&quot;}\">\n\t\t\t\t\t\t\t<div class=\"elementor-background-overlay\"><\/div>\n\t\t\t\t\t\t\t<div class=\"elementor-container elementor-column-gap-extended\">\n\t\t\t\t\t<div class=\"elementor-column elementor-col-100 elementor-top-column elementor-element elementor-element-a7c03ff\" data-id=\"a7c03ff\" data-element_type=\"column\">\n\t\t\t<div class=\"elementor-widget-wrap elementor-element-populated\">\n\t\t\t\t\t\t<div class=\"elementor-element elementor-element-5cc9f65 elementor-widget elementor-widget-text-editor\" data-id=\"5cc9f65\" data-element_type=\"widget\" data-widget_type=\"text-editor.default\">\n\t\t\t\t<div class=\"elementor-widget-container\">\n\t\t\t\t\t\t\t\t\t<p>MTB<\/p>\t\t\t\t\t\t\t\t<\/div>\n\t\t\t\t<\/div>\n\t\t\t\t<div class=\"elementor-element elementor-element-b5935af elementor-widget elementor-widget-zapedah-title\" data-id=\"b5935af\" data-element_type=\"widget\" data-widget_type=\"zapedah-title.default\">\n\t\t\t\t<div class=\"elementor-widget-container\">\n\t\t\t\t\t<h2 class=\"content-title\">Not\u00edcias<span>.<\/span><\/h2>\t\t\t\t<\/div>\n\t\t\t\t<\/div>\n\t\t\t\t\t<\/div>\n\t\t<\/div>\n\t\t\t\t\t<\/div>\n\t\t<\/section>\n\t\t\t\t<section class=\"elementor-section elementor-top-section elementor-element elementor-element-de76e3a elementor-section-boxed elementor-section-height-default elementor-section-height-default\" data-id=\"de76e3a\" data-element_type=\"section\">\n\t\t\t\t\t\t<div class=\"elementor-container elementor-column-gap-extended\">\n\t\t\t\t\t<div class=\"elementor-column elementor-col-66 elementor-top-column elementor-element elementor-element-dad2699\" data-id=\"dad2699\" data-element_type=\"column\">\n\t\t\t<div class=\"elementor-widget-wrap elementor-element-populated\">\n\t\t\t\t\t\t<div class=\"elementor-element elementor-element-c314be7 elementor-widget elementor-widget-zapedah-post-four\" data-id=\"c314be7\" data-element_type=\"widget\" data-widget_type=\"zapedah-post-four.default\">\n\t\t\t\t<div class=\"elementor-widget-container\">\n\t\t\t\t\t<div class=\"blog-post-list row clearfix blog-body\">\r\n        <div class=\"col-md-12\">\r\n        <div class=\"blog-col-inner\">\r\n\r\n\r\n\r\n\r\n            <!--if post is standard-->\r\n                                    <img fetchpriority=\"high\" decoding=\"async\" width=\"2048\" height=\"2560\" src=\"https:\/\/fpciclismo.org.br\/wp-content\/uploads\/2025\/07\/2025mtbxcmadiado.jpeg\" class=\"full-size-img wp-post-image\" alt=\"\" srcset=\"https:\/\/fpciclismo.org.br\/wp-content\/uploads\/2025\/07\/2025mtbxcmadiado.jpeg 2048w, https:\/\/fpciclismo.org.br\/wp-content\/uploads\/2025\/07\/2025mtbxcmadiado-240x300.jpeg 240w, https:\/\/fpciclismo.org.br\/wp-content\/uploads\/2025\/07\/2025mtbxcmadiado-819x1024.jpeg 819w, https:\/\/fpciclismo.org.br\/wp-content\/uploads\/2025\/07\/2025mtbxcmadiado-768x960.jpeg 768w, https:\/\/fpciclismo.org.br\/wp-content\/uploads\/2025\/07\/2025mtbxcmadiado-1229x1536.jpeg 1229w, https:\/\/fpciclismo.org.br\/wp-content\/uploads\/2025\/07\/2025mtbxcmadiado-1638x2048.jpeg 1638w\" sizes=\"(max-width: 2048px) 100vw, 2048px\" \/>            <!--if post is gallery-->\r\n            \r\n\r\n\r\n\r\n\r\n            <div class=\"excerpt-box\">\r\n\r\n\r\n\r\n\r\n                <a href=\"https:\/\/fpciclismo.org.br\/index.php\/2025\/07\/29\/adiado\/\">\r\n                    <h3>Adiado!<\/h3>\r\n                <\/a>\r\n\r\n\r\n\r\n                <div class=\"widget-border\"><\/div>\r\n                                <p>\r\n                    O Campeonato Paulista de MTB XCM 2025 foi adiado. A prova, que estava programada para o dia 3 de agosto, em Lins, teve de ser transferida por mot...                <\/p>\r\n                \r\n\r\n                                <div class=\"box-btnzero\">\r\n                    <a class=\"content-btn\" href=\"https:\/\/fpciclismo.org.br\/index.php\/2025\/07\/29\/adiado\/\">\r\n\r\n                        \r\n                        Saiba Mais                    <\/a>\r\n                <\/div>\r\n                \r\n\r\n                                <ul class=\"post-meta\">\r\n\r\n                                        <li class=\"postarch\"><i class=\"fa fa-archive\"><\/i> <a href=\"https:\/\/fpciclismo.org.br\/index.php\/category\/mtb\/\" rel=\"category tag\">MTB<\/a><\/li>\r\n                    \r\n                                        <li><i class=\"fa fa-user\"><\/i> <a href=\"https:\/\/fpciclismo.org.br\/index.php\/author\/mbraga\/\" title=\"Posts de mbraga\" rel=\"author\">mbraga<\/a><\/li>\r\n                    \r\n                                    <\/ul>\r\n                \r\n            <\/div>\r\n\r\n        <\/div>\r\n        <div class=\"spacing30 clearfix\"><\/div>\r\n    <\/div>\r\n\r\n        <div class=\"col-md-12\">\r\n        <div class=\"blog-col-inner\">\r\n\r\n\r\n\r\n\r\n            <!--if post is standard-->\r\n                                    <img decoding=\"async\" width=\"626\" height=\"380\" src=\"https:\/\/fpciclismo.org.br\/wp-content\/uploads\/2024\/08\/2022-mtb-campeonatpo-paulista-1.jpeg\" class=\"full-size-img wp-post-image\" alt=\"\" srcset=\"https:\/\/fpciclismo.org.br\/wp-content\/uploads\/2024\/08\/2022-mtb-campeonatpo-paulista-1.jpeg 626w, https:\/\/fpciclismo.org.br\/wp-content\/uploads\/2024\/08\/2022-mtb-campeonatpo-paulista-1-300x182.jpeg 300w\" sizes=\"(max-width: 626px) 100vw, 626px\" \/>            <!--if post is gallery-->\r\n            \r\n\r\n\r\n\r\n\r\n            <div class=\"excerpt-box\">\r\n\r\n\r\n\r\n\r\n                <a href=\"https:\/\/fpciclismo.org.br\/index.php\/2024\/07\/04\/etapa-do-ranking-paulista-de-mountain-bike-crosscountry-xcm-agita-o-fim-de-semana-em-pariquera-acu\/\">\r\n                    <h3>Etapa do Ranking Paulista de Mountain Bike CrossCountry\/XCM agita o fim de semana em Pariquera-A\u00e7u<\/h3>\r\n                <\/a>\r\n\r\n\r\n\r\n                <div class=\"widget-border\"><\/div>\r\n                                <p>\r\n                    Programa\u00e7\u00e3o come\u00e7a nesta sexta-feira. Organizadores convidam participantes a doarem ra\u00e7\u00e3o para os pets S\u00e3o Paulo (SP) \u2013 Antes das emo\u00e7\u00f5...                <\/p>\r\n                \r\n\r\n                                <div class=\"box-btnzero\">\r\n                    <a class=\"content-btn\" href=\"https:\/\/fpciclismo.org.br\/index.php\/2024\/07\/04\/etapa-do-ranking-paulista-de-mountain-bike-crosscountry-xcm-agita-o-fim-de-semana-em-pariquera-acu\/\">\r\n\r\n                        \r\n                        Saiba Mais                    <\/a>\r\n                <\/div>\r\n                \r\n\r\n                                <ul class=\"post-meta\">\r\n\r\n                                        <li class=\"postarch\"><i class=\"fa fa-archive\"><\/i> <a href=\"https:\/\/fpciclismo.org.br\/index.php\/category\/mtb\/\" rel=\"category tag\">MTB<\/a><\/li>\r\n                    \r\n                                        <li><i class=\"fa fa-user\"><\/i> <a href=\"https:\/\/fpciclismo.org.br\/index.php\/author\/fpciclismo\/\" title=\"Posts de admin\" rel=\"author\">admin<\/a><\/li>\r\n                    \r\n                                    <\/ul>\r\n                \r\n            <\/div>\r\n\r\n        <\/div>\r\n        <div class=\"spacing30 clearfix\"><\/div>\r\n    <\/div>\r\n\r\n        <div class=\"col-md-12\">\r\n        <div class=\"blog-col-inner\">\r\n\r\n\r\n\r\n\r\n            <!--if post is standard-->\r\n                                    <img decoding=\"async\" width=\"1080\" height=\"1080\" src=\"https:\/\/fpciclismo.org.br\/wp-content\/uploads\/2024\/08\/MTB-1080x1080-1.jpg\" class=\"full-size-img wp-post-image\" alt=\"\" srcset=\"https:\/\/fpciclismo.org.br\/wp-content\/uploads\/2024\/08\/MTB-1080x1080-1.jpg 1080w, https:\/\/fpciclismo.org.br\/wp-content\/uploads\/2024\/08\/MTB-1080x1080-1-300x300.jpg 300w, https:\/\/fpciclismo.org.br\/wp-content\/uploads\/2024\/08\/MTB-1080x1080-1-1024x1024.jpg 1024w, https:\/\/fpciclismo.org.br\/wp-content\/uploads\/2024\/08\/MTB-1080x1080-1-150x150.jpg 150w, https:\/\/fpciclismo.org.br\/wp-content\/uploads\/2024\/08\/MTB-1080x1080-1-768x768.jpg 768w\" sizes=\"(max-width: 1080px) 100vw, 1080px\" \/>            <!--if post is gallery-->\r\n            \r\n\r\n\r\n\r\n\r\n            <div class=\"excerpt-box\">\r\n\r\n\r\n\r\n\r\n                <a href=\"https:\/\/fpciclismo.org.br\/index.php\/2024\/06\/28\/pariquera-acu-sediara-o-ranking-paulista-de-mountain-bike-cross-country-xcm\/\">\r\n                    <h3>Pariquera-A\u00e7u sediar\u00e1 o Ranking Paulista de Mountain Bike Cross Country\/XCM<\/h3>\r\n                <\/a>\r\n\r\n\r\n\r\n                <div class=\"widget-border\"><\/div>\r\n                                <p>\r\n                    Competi\u00e7\u00e3o ser\u00e1 de 5 a 7 de julho. Inscri\u00e7\u00f5es gratuitas seguem abertas S\u00e3o Paulo (SP) \u2013 O Ranking Paulista de Mountain Bike Cross Country...                <\/p>\r\n                \r\n\r\n                                <div class=\"box-btnzero\">\r\n                    <a class=\"content-btn\" href=\"https:\/\/fpciclismo.org.br\/index.php\/2024\/06\/28\/pariquera-acu-sediara-o-ranking-paulista-de-mountain-bike-cross-country-xcm\/\">\r\n\r\n                        \r\n                        Saiba Mais                    <\/a>\r\n                <\/div>\r\n                \r\n\r\n                                <ul class=\"post-meta\">\r\n\r\n                                        <li class=\"postarch\"><i class=\"fa fa-archive\"><\/i> <a href=\"https:\/\/fpciclismo.org.br\/index.php\/category\/mtb\/\" rel=\"category tag\">MTB<\/a><\/li>\r\n                    \r\n                                        <li><i class=\"fa fa-user\"><\/i> <a href=\"https:\/\/fpciclismo.org.br\/index.php\/author\/fpciclismo\/\" title=\"Posts de admin\" rel=\"author\">admin<\/a><\/li>\r\n                    \r\n                                    <\/ul>\r\n                \r\n            <\/div>\r\n\r\n        <\/div>\r\n        <div class=\"spacing30 clearfix\"><\/div>\r\n    <\/div>\r\n\r\n        <div class=\"col-md-12\">\r\n        <div class=\"blog-col-inner\">\r\n\r\n\r\n\r\n\r\n            <!--if post is standard-->\r\n                                    <img loading=\"lazy\" decoding=\"async\" width=\"1600\" height=\"1067\" src=\"https:\/\/fpciclismo.org.br\/wp-content\/uploads\/2024\/08\/2024mtbxcmpari02-scaled-1.jpg\" class=\"full-size-img wp-post-image\" alt=\"\" srcset=\"https:\/\/fpciclismo.org.br\/wp-content\/uploads\/2024\/08\/2024mtbxcmpari02-scaled-1.jpg 1600w, https:\/\/fpciclismo.org.br\/wp-content\/uploads\/2024\/08\/2024mtbxcmpari02-scaled-1-300x200.jpg 300w, https:\/\/fpciclismo.org.br\/wp-content\/uploads\/2024\/08\/2024mtbxcmpari02-scaled-1-1024x683.jpg 1024w, https:\/\/fpciclismo.org.br\/wp-content\/uploads\/2024\/08\/2024mtbxcmpari02-scaled-1-768x512.jpg 768w, https:\/\/fpciclismo.org.br\/wp-content\/uploads\/2024\/08\/2024mtbxcmpari02-scaled-1-1536x1024.jpg 1536w, https:\/\/fpciclismo.org.br\/wp-content\/uploads\/2024\/08\/2024mtbxcmpari02-scaled-1-2048x1366.jpg 2048w\" sizes=\"(max-width: 1600px) 100vw, 1600px\" \/>            <!--if post is gallery-->\r\n            \r\n\r\n\r\n\r\n\r\n            <div class=\"excerpt-box\">\r\n\r\n\r\n\r\n\r\n                <a href=\"https:\/\/fpciclismo.org.br\/index.php\/2024\/06\/10\/etapa-do-ranking-paulista-de-mtb-xcm-agitou-o-vale-do-ribeira\/\">\r\n                    <h3>Etapa do Ranking Paulista de MTB\/XCM agitou o Vale do Ribeira<\/h3>\r\n                <\/a>\r\n\r\n\r\n\r\n                <div class=\"widget-border\"><\/div>\r\n                                <p>\r\n                    Pariquera-A\u00e7u recebeu atletas federados e n\u00e3o federados Pariquera-A\u00e7u (SP) \u2013 O Mountain Bike Cross Country\/XCM paulista teve mais uma etapa ...                <\/p>\r\n                \r\n\r\n                                <div class=\"box-btnzero\">\r\n                    <a class=\"content-btn\" href=\"https:\/\/fpciclismo.org.br\/index.php\/2024\/06\/10\/etapa-do-ranking-paulista-de-mtb-xcm-agitou-o-vale-do-ribeira\/\">\r\n\r\n                        \r\n                        Saiba Mais                    <\/a>\r\n                <\/div>\r\n                \r\n\r\n                                <ul class=\"post-meta\">\r\n\r\n                                        <li class=\"postarch\"><i class=\"fa fa-archive\"><\/i> <a href=\"https:\/\/fpciclismo.org.br\/index.php\/category\/mtb\/\" rel=\"category tag\">MTB<\/a><\/li>\r\n                    \r\n                                        <li><i class=\"fa fa-user\"><\/i> <a href=\"https:\/\/fpciclismo.org.br\/index.php\/author\/fpciclismo\/\" title=\"Posts de admin\" rel=\"author\">admin<\/a><\/li>\r\n                    \r\n                                    <\/ul>\r\n                \r\n            <\/div>\r\n\r\n        <\/div>\r\n        <div class=\"spacing30 clearfix\"><\/div>\r\n    <\/div>\r\n\r\n    <\/div>\r\n\r\n<!--pagination-->\r\n<ul class='pagination zapedah-pg'><li class='active'><a href='#' >1<\/a><\/li><li><a href='https:\/\/fpciclismo.org.br\/index.php\/wp-json\/wp\/v2\/pages\/1398\/page\/2\/' class='inactive' >2<\/a><\/li><\/ul>\n\t\t\t\t<\/div>\n\t\t\t\t<\/div>\n\t\t\t\t\t<\/div>\n\t\t<\/div>\n\t\t\t\t<div class=\"elementor-column elementor-col-33 elementor-top-column elementor-element elementor-element-8f6a1b8\" data-id=\"8f6a1b8\" data-element_type=\"column\">\n\t\t\t<div class=\"elementor-widget-wrap elementor-element-populated\">\n\t\t\t\t\t\t<div class=\"elementor-element elementor-element-057ac6d elementor-widget elementor-widget-zapedah-sidebar\" data-id=\"057ac6d\" data-element_type=\"widget\" data-widget_type=\"zapedah-sidebar.default\">\n\t\t\t\t<div class=\"elementor-widget-container\">\n\t\t\t\t\t<!--SIDEBAR START-->\r\n<div class=\"zapedah-sidebar sidebar clearfix\">\r\n    <div  id=\"block-2\" class=\"widget widget_block widget_search clearfix\"><form role=\"search\" method=\"get\" action=\"https:\/\/fpciclismo.org.br\/\" class=\"wp-block-search__button-outside wp-block-search__text-button wp-block-search\"    ><label class=\"wp-block-search__label\" for=\"wp-block-search__input-1\" >Pesquisar<\/label><div class=\"wp-block-search__inside-wrapper\" ><input class=\"wp-block-search__input\" id=\"wp-block-search__input-1\" placeholder=\"\" value=\"\" type=\"search\" name=\"s\" required \/><button aria-label=\"Pesquisar\" class=\"wp-block-search__button wp-element-button\" type=\"submit\" >Pesquisar<\/button><\/div><\/form><\/div>\n\t\t<div  id=\"recent-posts-1\" class=\"widget widget_recent_entries clearfix\">\n\t\t<h3 class=\"widgettitle\">Posts recentes<\/h3> <div class=\"widget-border\"><\/div>\n\t\t<ul>\n\t\t\t\t\t\t\t\t\t\t\t<li>\n\t\t\t\t\t<a href=\"https:\/\/fpciclismo.org.br\/index.php\/2026\/04\/24\/12a-volta-ciclistica-internacional-do-estado-de-sao-paulo-reune-forcas-da-america-do-sul\/\">12\u00aa Volta Cicl\u00edstica Internacional do Estado de  S\u00e3o Paulo re\u00fane for\u00e7as da Am\u00e9rica do Sul<\/a>\n\t\t\t\t\t\t\t\t\t<\/li>\n\t\t\t\t\t\t\t\t\t\t\t<li>\n\t\t\t\t\t<a href=\"https:\/\/fpciclismo.org.br\/index.php\/2026\/04\/23\/igor-molina-e-campeao-geral-da-2a-volta-ciclistica-de-sao-jose-dos-campos\/\">Igor Molina \u00e9 campe\u00e3o geral da 2\u00aa Volta Cicl\u00edstica de S\u00e3o Jos\u00e9 dos Campos<\/a>\n\t\t\t\t\t\t\t\t\t<\/li>\n\t\t\t\t\t\t\t\t\t\t\t<li>\n\t\t\t\t\t<a href=\"https:\/\/fpciclismo.org.br\/index.php\/2026\/04\/16\/volta-ciclistica-do-estado-de-sao-paulo-na-tv-alesp\/\">Volta Cicl\u00edstica do Estado de S\u00e3o Paulo na TV Alesp<\/a>\n\t\t\t\t\t\t\t\t\t<\/li>\n\t\t\t\t\t\t\t\t\t\t\t<li>\n\t\t\t\t\t<a href=\"https:\/\/fpciclismo.org.br\/index.php\/2026\/04\/09\/prova-ciclistica-1o-de-maio-chega-a-74a-edicao\/\">Prova Cicl\u00edstica 1\u00ba de Maio chega \u00e0 74\u00aa edi\u00e7\u00e3o<\/a>\n\t\t\t\t\t\t\t\t\t<\/li>\n\t\t\t\t\t\t\t\t\t\t\t<li>\n\t\t\t\t\t<a href=\"https:\/\/fpciclismo.org.br\/index.php\/2026\/04\/08\/volta-ciclistica-do-estado-de-sao-paulo-tem-12a-edicao-em-maio\/\">Volta Cicl\u00edstica do Estado de S\u00e3o  Paulo tem 12\u00aa edi\u00e7\u00e3o em maio<\/a>\n\t\t\t\t\t\t\t\t\t<\/li>\n\t\t\t\t\t<\/ul>\n\n\t\t<\/div><div  id=\"block-8\" class=\"widget widget_block clearfix\">\n<h2 class=\"wp-block-heading\">Categorias<\/h2>\n<\/div><div  id=\"block-7\" class=\"widget widget_block widget_categories clearfix\"><ul class=\"wp-block-categories-list wp-block-categories\">\t<li class=\"cat-item cat-item-1\"><a href=\"https:\/\/fpciclismo.org.br\/index.php\/category\/bmx1\/\">BMX<\/a>\n<\/li>\n\t<li class=\"cat-item cat-item-29\"><a href=\"https:\/\/fpciclismo.org.br\/index.php\/category\/bmx-freestyle\/\">BMX Freestyle<\/a>\n<\/li>\n\t<li class=\"cat-item cat-item-33\"><a href=\"https:\/\/fpciclismo.org.br\/index.php\/category\/cicloturismo\/\">Cicloturismo<\/a>\n<\/li>\n\t<li class=\"cat-item cat-item-35\"><a href=\"https:\/\/fpciclismo.org.br\/index.php\/category\/estrada\/\">Estrada<\/a>\n<\/li>\n\t<li class=\"cat-item cat-item-39\"><a href=\"https:\/\/fpciclismo.org.br\/index.php\/category\/mtb\/\">MTB<\/a>\n<\/li>\n\t<li class=\"cat-item cat-item-41\"><a href=\"https:\/\/fpciclismo.org.br\/index.php\/category\/outros\/\">Outros<\/a>\n<\/li>\n\t<li class=\"cat-item cat-item-42\"><a href=\"https:\/\/fpciclismo.org.br\/index.php\/category\/paraciclismo\/\">Paraciclismo<\/a>\n<\/li>\n\t<li class=\"cat-item cat-item-43\"><a href=\"https:\/\/fpciclismo.org.br\/index.php\/category\/pista\/\">Pista<\/a>\n<\/li>\n<\/ul><\/div><div  id=\"block-9\" class=\"widget widget_block clearfix\">\n<h2 class=\"wp-block-heading\">Arquivos<\/h2>\n<\/div><div  id=\"block-10\" class=\"widget widget_block widget_archive clearfix\"><ul class=\"wp-block-archives-list wp-block-archives\">\t<li><a href='https:\/\/fpciclismo.org.br\/index.php\/2026\/04\/'>abril 2026<\/a><\/li>\n\t<li><a href='https:\/\/fpciclismo.org.br\/index.php\/2026\/03\/'>mar\u00e7o 2026<\/a><\/li>\n\t<li><a href='https:\/\/fpciclismo.org.br\/index.php\/2026\/02\/'>fevereiro 2026<\/a><\/li>\n\t<li><a href='https:\/\/fpciclismo.org.br\/index.php\/2026\/01\/'>janeiro 2026<\/a><\/li>\n\t<li><a href='https:\/\/fpciclismo.org.br\/index.php\/2025\/12\/'>dezembro 2025<\/a><\/li>\n\t<li><a href='https:\/\/fpciclismo.org.br\/index.php\/2025\/11\/'>novembro 2025<\/a><\/li>\n\t<li><a href='https:\/\/fpciclismo.org.br\/index.php\/2025\/10\/'>outubro 2025<\/a><\/li>\n\t<li><a href='https:\/\/fpciclismo.org.br\/index.php\/2025\/09\/'>setembro 2025<\/a><\/li>\n\t<li><a href='https:\/\/fpciclismo.org.br\/index.php\/2025\/08\/'>agosto 2025<\/a><\/li>\n\t<li><a href='https:\/\/fpciclismo.org.br\/index.php\/2025\/07\/'>julho 2025<\/a><\/li>\n\t<li><a href='https:\/\/fpciclismo.org.br\/index.php\/2025\/06\/'>junho 2025<\/a><\/li>\n\t<li><a href='https:\/\/fpciclismo.org.br\/index.php\/2025\/05\/'>maio 2025<\/a><\/li>\n\t<li><a href='https:\/\/fpciclismo.org.br\/index.php\/2025\/04\/'>abril 2025<\/a><\/li>\n\t<li><a href='https:\/\/fpciclismo.org.br\/index.php\/2025\/03\/'>mar\u00e7o 2025<\/a><\/li>\n\t<li><a href='https:\/\/fpciclismo.org.br\/index.php\/2025\/02\/'>fevereiro 2025<\/a><\/li>\n\t<li><a href='https:\/\/fpciclismo.org.br\/index.php\/2025\/01\/'>janeiro 2025<\/a><\/li>\n\t<li><a href='https:\/\/fpciclismo.org.br\/index.php\/2024\/08\/'>agosto 2024<\/a><\/li>\n\t<li><a href='https:\/\/fpciclismo.org.br\/index.php\/2024\/07\/'>julho 2024<\/a><\/li>\n\t<li><a href='https:\/\/fpciclismo.org.br\/index.php\/2024\/06\/'>junho 2024<\/a><\/li>\n\t<li><a href='https:\/\/fpciclismo.org.br\/index.php\/2024\/05\/'>maio 2024<\/a><\/li>\n\t<li><a href='https:\/\/fpciclismo.org.br\/index.php\/2024\/03\/'>mar\u00e7o 2024<\/a><\/li>\n\t<li><a href='https:\/\/fpciclismo.org.br\/index.php\/2024\/01\/'>janeiro 2024<\/a><\/li>\n\t<li><a href='https:\/\/fpciclismo.org.br\/index.php\/2023\/09\/'>setembro 2023<\/a><\/li>\n\t<li><a href='https:\/\/fpciclismo.org.br\/index.php\/2023\/08\/'>agosto 2023<\/a><\/li>\n\t<li><a href='https:\/\/fpciclismo.org.br\/index.php\/2023\/04\/'>abril 2023<\/a><\/li>\n\t<li><a href='https:\/\/fpciclismo.org.br\/index.php\/2022\/01\/'>janeiro 2022<\/a><\/li>\n\t<li><a href='https:\/\/fpciclismo.org.br\/index.php\/2021\/09\/'>setembro 2021<\/a><\/li>\n\t<li><a href='https:\/\/fpciclismo.org.br\/index.php\/2021\/08\/'>agosto 2021<\/a><\/li>\n\t<li><a href='https:\/\/fpciclismo.org.br\/index.php\/2020\/12\/'>dezembro 2020<\/a><\/li>\n\t<li><a href='https:\/\/fpciclismo.org.br\/index.php\/2020\/11\/'>novembro 2020<\/a><\/li>\n\t<li><a href='https:\/\/fpciclismo.org.br\/index.php\/2020\/09\/'>setembro 2020<\/a><\/li>\n\t<li><a href='https:\/\/fpciclismo.org.br\/index.php\/2020\/08\/'>agosto 2020<\/a><\/li>\n\t<li><a href='https:\/\/fpciclismo.org.br\/index.php\/2020\/07\/'>julho 2020<\/a><\/li>\n\t<li><a href='https:\/\/fpciclismo.org.br\/index.php\/2019\/10\/'>outubro 2019<\/a><\/li>\n<\/ul><\/div><div  id=\"block-4\" class=\"widget widget_block clearfix\">\n<div class=\"wp-block-group\"><div class=\"wp-block-group__inner-container is-layout-flow wp-block-group-is-layout-flow\"><\/div><\/div>\n<\/div><div  id=\"zapedah_about-1\" class=\"widget widget_zapedah_about clearfix\"><div class=\"widget-about-us clearfix\"><div class=\"abtw-box\" style=\"background-image:url(https:\/\/fpciclismo.org.br\/wp-content\/uploads\/2024\/08\/2024_9deJulho_Podio_Elite_Fotop-scaled-1-e1723758927983.jpg);background-position: center;background-size: cover;\"><div class=\"border-ab\"><\/div><div class=\"slider-mask\"><\/div>\t\t\t<div class=\"bordering-widget\">\r\n\r\n\r\n\r\n\t\t\t\t<h3>Federa\u00e7\u00e3o Paulista de Ciclismo<\/h3>\r\n\t\t\t\t<p class=\"wdg-about-subtitle\"><\/p>\r\n\t\t\t<\/div>\r\n\t\t<\/div><div class=\"ab-bordering\"><p>A Federa\u00e7\u00e3o Paulista de Ciclismo tem como objetivo promover e fomentar o ciclismo esportivo, al\u00e9m de incentivar o uso seguro da bicicleta em todas as suas dimens\u00f5es. A FPC, como entidade respons\u00e1vel e \u00fanica por representar os ciclistas em S\u00e3o Paulo, visa buscar recursos para promover e impulsionar as atividades cicl\u00edsticas para a forma\u00e7\u00e3o de novos atletas e para apoiar os atletas filiados nas v\u00e1rias situa\u00e7\u00f5es que necessitam..<\/p><ul class=\"abtw-soc\">\t\t\t\t<li><a href=\"https:\/\/www.facebook.com\/fpciclismo1925\/\" target=\"_blank\"><i class=\"fa fa-facebook\"><\/i><\/a><\/li>\r\n\t\t\t\t\t\t\t<li><a href=\"https:\/\/x.com\/i\/flow\/login?redirect_after_login=%2Ffpciclismo\" target=\"_blank\"><i class=\"fa fa-twitter\"><\/i><\/a><\/li>\r\n\t\t\t\t\t\t\t<li><a href=\"https:\/\/www.instagram.com\/fpc.oficial\/\" target=\"_blank\"><i class=\"fa fa-instagram\"><\/i><\/a><\/li>\r\n\t\t\t\t\t\t\t<li><a href=\"https:\/\/www.youtube.com\/user\/fpciclismosp\" target=\"_blank\"><i class=\"fa fa-youtube\"><\/i><\/a><\/li>\r\n\t\t\t<\/ul><\/div><\/div><\/div><div  id=\"tag_cloud-1\" class=\"widget widget_tag_cloud clearfix\"><h3 class=\"widgettitle\">Tags<\/h3> <div class=\"widget-border\"><\/div><div class=\"tagcloud\"><a href=\"https:\/\/fpciclismo.org.br\/index.php\/tag\/worldtour\/\" class=\"tag-cloud-link tag-link-55 tag-link-position-1\" aria-label=\"#worldTour (1 item)\">#worldTour<\/a>\n<a href=\"https:\/\/fpciclismo.org.br\/index.php\/tag\/alice-melo\/\" class=\"tag-cloud-link tag-link-46 tag-link-position-2\" aria-label=\"Alice Melo (1 item)\">Alice Melo<\/a>\n<a href=\"https:\/\/fpciclismo.org.br\/index.php\/tag\/calendario-mundial\/\" class=\"tag-cloud-link tag-link-56 tag-link-position-3\" aria-label=\"calendario mundial (1 item)\">calendario mundial<\/a>\n<a href=\"https:\/\/fpciclismo.org.br\/index.php\/tag\/ciclismo-de-estrada\/\" class=\"tag-cloud-link tag-link-57 tag-link-position-4\" aria-label=\"ciclismo de estrada (1 item)\">ciclismo de estrada<\/a>\n<a href=\"https:\/\/fpciclismo.org.br\/index.php\/tag\/ciclomobilidade\/\" class=\"tag-cloud-link tag-link-54 tag-link-position-5\" aria-label=\"ciclomobilidade (1 item)\">ciclomobilidade<\/a>\n<a href=\"https:\/\/fpciclismo.org.br\/index.php\/tag\/cicloturismo\/\" class=\"tag-cloud-link tag-link-51 tag-link-position-6\" aria-label=\"cicloturismo (2 itens)\">cicloturismo<\/a>\n<a href=\"https:\/\/fpciclismo.org.br\/index.php\/tag\/criterium-du-dauphine\/\" class=\"tag-cloud-link tag-link-58 tag-link-position-7\" aria-label=\"criterium du dauphine (1 item)\">criterium du dauphine<\/a>\n<a href=\"https:\/\/fpciclismo.org.br\/index.php\/tag\/destaque\/\" class=\"tag-cloud-link tag-link-48 tag-link-position-8\" aria-label=\"destaque (9 itens)\">destaque<\/a>\n<a href=\"https:\/\/fpciclismo.org.br\/index.php\/tag\/dicas-para-iniciantes\/\" class=\"tag-cloud-link tag-link-52 tag-link-position-9\" aria-label=\"dicas para iniciantes (1 item)\">dicas para iniciantes<\/a>\n<a href=\"https:\/\/fpciclismo.org.br\/index.php\/tag\/e-bike\/\" class=\"tag-cloud-link tag-link-53 tag-link-position-10\" aria-label=\"e-bike (1 item)\">e-bike<\/a>\n<a href=\"https:\/\/fpciclismo.org.br\/index.php\/tag\/paraciclismo\/\" class=\"tag-cloud-link tag-link-8 tag-link-position-11\" aria-label=\"Paraciclismo (1 item)\">Paraciclismo<\/a>\n<a href=\"https:\/\/fpciclismo.org.br\/index.php\/tag\/paulista-de-bmx\/\" class=\"tag-cloud-link tag-link-60 tag-link-position-12\" aria-label=\"paulista de BMX (1 item)\">paulista de BMX<\/a>\n<a href=\"https:\/\/fpciclismo.org.br\/index.php\/tag\/resultados\/\" class=\"tag-cloud-link tag-link-61 tag-link-position-13\" aria-label=\"resultados (1 item)\">resultados<\/a>\n<a href=\"https:\/\/fpciclismo.org.br\/index.php\/tag\/vamos-pedalar\/\" class=\"tag-cloud-link tag-link-50 tag-link-position-14\" aria-label=\"vamos pedalar (1 item)\">vamos pedalar<\/a>\n<a href=\"https:\/\/fpciclismo.org.br\/index.php\/tag\/velometro\/\" class=\"tag-cloud-link tag-link-49 tag-link-position-15\" aria-label=\"vel\u00f4metro (1 item)\">vel\u00f4metro<\/a>\n<a href=\"https:\/\/fpciclismo.org.br\/index.php\/tag\/wout-van-aert\/\" class=\"tag-cloud-link tag-link-59 tag-link-position-16\" aria-label=\"Wout Van Aert (1 item)\">Wout Van Aert<\/a><\/div>\n<\/div><\/div>\r\n<!--\/.sidebar-->\r\n<!--SIDEBAR END-->\r\n\t\t\t\t<\/div>\n\t\t\t\t<\/div>\n\t\t\t\t\t<\/div>\n\t\t<\/div>\n\t\t\t\t\t<\/div>\n\t\t<\/section>\n\t\t\t\t<\/div>\n\t\t","protected":false},"excerpt":{"rendered":"<p>MTB Not\u00edcias. Paul\u00ednia Racing Bicicross anuncia o lan\u00e7amento de dois projetos novadores de ciclismo A OSC Paul\u00ednia Racing Bicicross, em comemora\u00e7\u00e3o aos seus 27 anos de dedica\u00e7\u00e3o ao esporte e \u00e0 comunidade, tem o orgulho de anunciar lan\u00e7ame&#8230; Saiba Mais BMX, MTB admin Etapa do Ranking Paulista de Mountain Bike CrossCountry\/XCM agita o fim de semana em Pariquera-A\u00e7u Programa\u00e7\u00e3o come\u00e7a &hellip;<\/p>\n","protected":false},"author":1,"featured_media":0,"parent":0,"menu_order":0,"comment_status":"closed","ping_status":"closed","template":"blank-builder.php","meta":{"footnotes":""},"class_list":["post-1398","page","type-page","status-publish","hentry"],"_links":{"self":[{"href":"https:\/\/fpciclismo.org.br\/index.php\/wp-json\/wp\/v2\/pages\/1398","targetHints":{"allow":["GET"]}}],"collection":[{"href":"https:\/\/fpciclismo.org.br\/index.php\/wp-json\/wp\/v2\/pages"}],"about":[{"href":"https:\/\/fpciclismo.org.br\/index.php\/wp-json\/wp\/v2\/types\/page"}],"author":[{"embeddable":true,"href":"https:\/\/fpciclismo.org.br\/index.php\/wp-json\/wp\/v2\/users\/1"}],"replies":[{"embeddable":true,"href":"https:\/\/fpciclismo.org.br\/index.php\/wp-json\/wp\/v2\/comments?post=1398"}],"version-history":[{"count":7,"href":"https:\/\/fpciclismo.org.br\/index.php\/wp-json\/wp\/v2\/pages\/1398\/revisions"}],"predecessor-version":[{"id":4586,"href":"https:\/\/fpciclismo.org.br\/index.php\/wp-json\/wp\/v2\/pages\/1398\/revisions\/4586"}],"wp:attachment":[{"href":"https:\/\/fpciclismo.org.br\/index.php\/wp-json\/wp\/v2\/media?parent=1398"}],"curies":[{"name":"wp","href":"https:\/\/api.w.org\/{rel}","templated":true}]}}