{"id":2797,"date":"2024-11-13T17:03:20","date_gmt":"2024-11-13T20:03:20","guid":{"rendered":"https:\/\/fpciclismo.org.br\/?page_id=2797"},"modified":"2025-01-03T17:49:07","modified_gmt":"2025-01-03T20:49:07","slug":"galeria-de-fotos","status":"publish","type":"page","link":"https:\/\/fpciclismo.org.br\/index.php\/galeria-de-fotos\/","title":{"rendered":"Galeria de Fotos"},"content":{"rendered":"\t\t<div data-elementor-type=\"wp-page\" data-elementor-id=\"2797\" class=\"elementor elementor-2797\" data-elementor-post-type=\"page\">\n\t\t\t\t\t\t<section class=\"elementor-section elementor-top-section elementor-element elementor-element-3bb3a49 elementor-section-boxed elementor-section-height-default elementor-section-height-default\" data-id=\"3bb3a49\" data-element_type=\"section\" data-settings=\"{&quot;background_background&quot;:&quot;video&quot;,&quot;background_video_link&quot;:&quot;https:\\\/\\\/www.youtube.com\\\/watch?v=oQDLAoPs-as&quot;,&quot;background_play_on_mobile&quot;:&quot;yes&quot;,&quot;shape_divider_bottom&quot;:&quot;curve&quot;,&quot;shape_divider_bottom_negative&quot;:&quot;yes&quot;,&quot;background_video_start&quot;:0}\">\n\t\t\t\t\t\t\t\t<div class=\"elementor-background-video-container\" aria-hidden=\"true\">\n\t\t\t\t\t\t\t\t\t\t\t\t\t<div class=\"elementor-background-video-embed\"><\/div>\n\t\t\t\t\t\t\t\t\t\t\t\t<\/div>\n\t\t\t\t\t\t\t\t\t<div class=\"elementor-background-overlay\"><\/div>\n\t\t\t\t\t\t<div class=\"elementor-shape elementor-shape-bottom\" aria-hidden=\"true\" data-negative=\"true\">\n\t\t\t<svg xmlns=\"http:\/\/www.w3.org\/2000\/svg\" viewBox=\"0 0 1000 100\" preserveAspectRatio=\"none\">\n\t<path class=\"elementor-shape-fill\" d=\"M500,97C126.7,96.3,0.8,19.8,0,0v100l1000,0V1C1000,19.4,873.3,97.8,500,97z\"\/>\n<\/svg>\t\t<\/div>\n\t\t\t\t\t<div class=\"elementor-container elementor-column-gap-extended\">\n\t\t\t\t\t<div class=\"elementor-column elementor-col-100 elementor-top-column elementor-element elementor-element-e1b78c9\" data-id=\"e1b78c9\" data-element_type=\"column\">\n\t\t\t<div class=\"elementor-widget-wrap elementor-element-populated\">\n\t\t\t\t\t\t<div class=\"elementor-element elementor-element-b3de2a3 elementor-widget elementor-widget-zapedah-title\" data-id=\"b3de2a3\" data-element_type=\"widget\" data-widget_type=\"zapedah-title.default\">\n\t\t\t\t<div class=\"elementor-widget-container\">\n\t\t\t\t\t<h2 class=\"content-title\">Galeria de Fotos<span>.<\/span><\/h2>\t\t\t\t<\/div>\n\t\t\t\t<\/div>\n\t\t\t\t\t<\/div>\n\t\t<\/div>\n\t\t\t\t\t<\/div>\n\t\t<\/section>\n\t\t<div class=\"elementor-element elementor-element-c397ad6 e-flex e-con-boxed e-con e-parent\" data-id=\"c397ad6\" data-element_type=\"container\">\n\t\t\t\t\t<div class=\"e-con-inner\">\n\t\t\t\t<div class=\"elementor-element elementor-element-d556759 elementor-flip-box--effect-zoom-in elementor-widget elementor-widget-flip-box\" data-id=\"d556759\" data-element_type=\"widget\" data-widget_type=\"flip-box.default\">\n\t\t\t\t<div class=\"elementor-widget-container\">\n\t\t\t\t\t\t\t<div class=\"elementor-flip-box\" tabindex=\"0\">\n\t\t\t<div class=\"elementor-flip-box__layer elementor-flip-box__front\">\n\t\t\t\t<div class=\"elementor-flip-box__layer__overlay\">\n\t\t\t\t\t<div class=\"elementor-flip-box__layer__inner\">\n\t\t\t\t\t\t\n\t\t\t\t\t\t\t\t\t\t\t\t\t<h3 class=\"elementor-flip-box__layer__title\">\n\t\t\t\t\t\t\t\t2024\t\t\t\t\t\t\t<\/h3>\n\t\t\t\t\t\t\n\t\t\t\t\t\t\t\t\t\t\t<\/div>\n\t\t\t\t<\/div>\n\t\t\t<\/div>\n\t\t\t<div class=\"elementor-flip-box__layer elementor-flip-box__back\">\n\t\t\t<div class=\"elementor-flip-box__layer__overlay\">\n\t\t\t\t<div class=\"elementor-flip-box__layer__inner\">\n\t\t\t\t\t\n\t\t\t\t\t\n\t\t\t\t\t\t\t\t\t\t\t<a class=\"elementor-flip-box__button elementor-button elementor-size-lg\" href=\"https:\/\/fpciclismo.org.br\/index.php\/galeria-de-fotos-2024\/\">\n\t\t\t\t\t\t\tVeja as Fotos\t\t\t\t\t\t<\/a>\n\t\t\t\t\t\t\t\t<\/div>\n\t\t<\/div>\n\t\t<\/div>\n\t\t<\/div>\n\t\t\t\t\t\t<\/div>\n\t\t\t\t<\/div>\n\t\t\t\t<div class=\"elementor-element elementor-element-0a1f7b6 elementor-flip-box--effect-zoom-in elementor-widget elementor-widget-flip-box\" data-id=\"0a1f7b6\" data-element_type=\"widget\" data-widget_type=\"flip-box.default\">\n\t\t\t\t<div class=\"elementor-widget-container\">\n\t\t\t\t\t\t\t<div class=\"elementor-flip-box\" tabindex=\"0\">\n\t\t\t<div class=\"elementor-flip-box__layer elementor-flip-box__front\">\n\t\t\t\t<div class=\"elementor-flip-box__layer__overlay\">\n\t\t\t\t\t<div class=\"elementor-flip-box__layer__inner\">\n\t\t\t\t\t\t\n\t\t\t\t\t\t\t\t\t\t\t\t\t<h3 class=\"elementor-flip-box__layer__title\">\n\t\t\t\t\t\t\t\t2023\t\t\t\t\t\t\t<\/h3>\n\t\t\t\t\t\t\n\t\t\t\t\t\t\t\t\t\t\t<\/div>\n\t\t\t\t<\/div>\n\t\t\t<\/div>\n\t\t\t<div class=\"elementor-flip-box__layer elementor-flip-box__back\">\n\t\t\t<div class=\"elementor-flip-box__layer__overlay\">\n\t\t\t\t<div class=\"elementor-flip-box__layer__inner\">\n\t\t\t\t\t\n\t\t\t\t\t\n\t\t\t\t\t\t\t\t\t\t\t<a class=\"elementor-flip-box__button elementor-button elementor-size-lg\" href=\"https:\/\/fpciclismo.org.br\/index.php\/galeria-de-fotos-2023\/\">\n\t\t\t\t\t\t\tVeja as Fotos\t\t\t\t\t\t<\/a>\n\t\t\t\t\t\t\t\t<\/div>\n\t\t<\/div>\n\t\t<\/div>\n\t\t<\/div>\n\t\t\t\t\t\t<\/div>\n\t\t\t\t<\/div>\n\t\t\t\t\t<\/div>\n\t\t\t\t<\/div>\n\t\t<div class=\"elementor-element elementor-element-23877f0 e-flex e-con-boxed e-con e-parent\" data-id=\"23877f0\" data-element_type=\"container\">\n\t\t\t\t\t<div class=\"e-con-inner\">\n\t\t\t\t<div class=\"elementor-element elementor-element-c00b5be elementor-flip-box--effect-zoom-in elementor-widget elementor-widget-flip-box\" data-id=\"c00b5be\" data-element_type=\"widget\" data-widget_type=\"flip-box.default\">\n\t\t\t\t<div class=\"elementor-widget-container\">\n\t\t\t\t\t\t\t<div class=\"elementor-flip-box\" tabindex=\"0\">\n\t\t\t<div class=\"elementor-flip-box__layer elementor-flip-box__front\">\n\t\t\t\t<div class=\"elementor-flip-box__layer__overlay\">\n\t\t\t\t\t<div class=\"elementor-flip-box__layer__inner\">\n\t\t\t\t\t\t\n\t\t\t\t\t\t\t\t\t\t\t\t\t<h3 class=\"elementor-flip-box__layer__title\">\n\t\t\t\t\t\t\t\t2022\t\t\t\t\t\t\t<\/h3>\n\t\t\t\t\t\t\n\t\t\t\t\t\t\t\t\t\t\t<\/div>\n\t\t\t\t<\/div>\n\t\t\t<\/div>\n\t\t\t<div class=\"elementor-flip-box__layer elementor-flip-box__back\">\n\t\t\t<div class=\"elementor-flip-box__layer__overlay\">\n\t\t\t\t<div class=\"elementor-flip-box__layer__inner\">\n\t\t\t\t\t\n\t\t\t\t\t\n\t\t\t\t\t\t\t\t\t\t\t<a class=\"elementor-flip-box__button elementor-button elementor-size-lg\" href=\"https:\/\/fpciclismo.org.br\/index.php\/galeria-de-fotos-2022\/\">\n\t\t\t\t\t\t\tVeja as Fotos\t\t\t\t\t\t<\/a>\n\t\t\t\t\t\t\t\t<\/div>\n\t\t<\/div>\n\t\t<\/div>\n\t\t<\/div>\n\t\t\t\t\t\t<\/div>\n\t\t\t\t<\/div>\n\t\t\t\t<div class=\"elementor-element elementor-element-227fdbe elementor-flip-box--effect-zoom-in elementor-widget elementor-widget-flip-box\" data-id=\"227fdbe\" data-element_type=\"widget\" data-widget_type=\"flip-box.default\">\n\t\t\t\t<div class=\"elementor-widget-container\">\n\t\t\t\t\t\t\t<div class=\"elementor-flip-box\" tabindex=\"0\">\n\t\t\t<div class=\"elementor-flip-box__layer elementor-flip-box__front\">\n\t\t\t\t<div class=\"elementor-flip-box__layer__overlay\">\n\t\t\t\t\t<div class=\"elementor-flip-box__layer__inner\">\n\t\t\t\t\t\t\n\t\t\t\t\t\t\t\t\t\t\t\t\t<h3 class=\"elementor-flip-box__layer__title\">\n\t\t\t\t\t\t\t\t2021\t\t\t\t\t\t\t<\/h3>\n\t\t\t\t\t\t\n\t\t\t\t\t\t\t\t\t\t\t<\/div>\n\t\t\t\t<\/div>\n\t\t\t<\/div>\n\t\t\t<div class=\"elementor-flip-box__layer elementor-flip-box__back\">\n\t\t\t<div class=\"elementor-flip-box__layer__overlay\">\n\t\t\t\t<div class=\"elementor-flip-box__layer__inner\">\n\t\t\t\t\t\n\t\t\t\t\t\n\t\t\t\t\t\t\t\t\t\t\t<a class=\"elementor-flip-box__button elementor-button elementor-size-lg\" href=\"https:\/\/fpciclismo.org.br\/index.php\/galeria-de-fotos-2021\/\">\n\t\t\t\t\t\t\tVeja as Fotos\t\t\t\t\t\t<\/a>\n\t\t\t\t\t\t\t\t<\/div>\n\t\t<\/div>\n\t\t<\/div>\n\t\t<\/div>\n\t\t\t\t\t\t<\/div>\n\t\t\t\t<\/div>\n\t\t\t\t\t<\/div>\n\t\t\t\t<\/div>\n\t\t\t\t<section class=\"elementor-section elementor-top-section elementor-element elementor-element-4763105 elementor-section-full_width elementor-section-height-default elementor-section-height-default\" data-id=\"4763105\" data-element_type=\"section\">\n\t\t\t\t\t\t<div class=\"elementor-container elementor-column-gap-no\">\n\t\t\t\t\t<div class=\"elementor-column elementor-col-100 elementor-top-column elementor-element elementor-element-306924f\" data-id=\"306924f\" data-element_type=\"column\">\n\t\t\t<div class=\"elementor-widget-wrap elementor-element-populated\">\n\t\t\t\t\t\t<div class=\"elementor-element elementor-element-37c021e elementor-widget elementor-widget-zapedah-post-slider\" data-id=\"37c021e\" data-element_type=\"widget\" data-settings=\"{&quot;slider_speed&quot;:5000,&quot;show_desktop&quot;:4,&quot;show_tablet&quot;:2,&quot;show_mobile&quot;:1}\" data-widget_type=\"zapedah-post-slider.default\">\n\t\t\t\t<div class=\"elementor-widget-container\">\n\t\t\t\t\t        \t\t\t<div class=\"post-slider slider blog-post-list clearfix\" \r\n                    data-slide=\"4\" data-slide-tablet=\"2\"\r\n                    data-slide-mobile=\"1\"\r\n                    data-slick='{\"autoplaySpeed\": 5000}'>\r\n                         \r\n                        <div class=\"slide\">\r\n                        \r\n                        \t<div class=\"blog-col-inner\">\r\n                            \r\n                            \t                                 <a class=\"blog-link-img blog-with-box blog-imgbg\" href=\"https:\/\/fpciclismo.org.br\/index.php\/2026\/04\/24\/12a-volta-ciclistica-internacional-do-estado-de-sao-paulo-reune-forcas-da-america-do-sul\/\" style=\"background-image:url(https:\/\/fpciclismo.org.br\/wp-content\/uploads\/2026\/04\/2025voltasp01.jpeg)\">\r\n                                 \r\n                                                                  <div class=\"blogmask\"><\/div>\r\n                                     <div class=\"zapedah-blog-box\">\r\n                                         <div class=\"zapedah-blog-inner\">\r\n                                         \r\n                                         \r\n\t\t\t\t\t\t\t\t\t\t\t                                            \r\n                                            <h3>12\u00aa Volta Cicl\u00edstica Internacional do Estado de  S\u00e3o Paulo re\u00fane for\u00e7as da Am\u00e9rica do Sul<\/h3>\r\n                                             \r\n                                            \r\n                                                                                        <ul class=\"post-meta-box\">\r\n                                                <li><i class=\"fa fa-user\"><\/i> mbraga<\/li>\r\n                                                <li><i class=\"fa fa-clock-o\"><\/i> 24 de abril de 2026<\/li>\r\n                                            <\/ul>\r\n                                                                                        \r\n                                            \r\n                                        <\/div>\r\n                                    <\/div>\r\n                                \r\n                                <\/a>\r\n                                \r\n                            <\/div>   \r\n                        <\/div>\r\n                        \r\n                         \r\n                        <div class=\"slide\">\r\n                        \r\n                        \t<div class=\"blog-col-inner\">\r\n                            \r\n                            \t                                 <a class=\"blog-link-img blog-with-box blog-imgbg\" href=\"https:\/\/fpciclismo.org.br\/index.php\/2026\/04\/23\/igor-molina-e-campeao-geral-da-2a-volta-ciclistica-de-sao-jose-dos-campos\/\" style=\"background-image:url(https:\/\/fpciclismo.org.br\/wp-content\/uploads\/2026\/04\/2026voltasorocaba.jpg)\">\r\n                                 \r\n                                                                  <div class=\"blogmask\"><\/div>\r\n                                     <div class=\"zapedah-blog-box\">\r\n                                         <div class=\"zapedah-blog-inner\">\r\n                                         \r\n                                         \r\n\t\t\t\t\t\t\t\t\t\t\t                                            \r\n                                            <h3>Igor Molina \u00e9 campe\u00e3o geral da 2\u00aa Volta Cicl\u00edstica de S\u00e3o Jos\u00e9 dos Campos<\/h3>\r\n                                             \r\n                                            \r\n                                                                                        <ul class=\"post-meta-box\">\r\n                                                <li><i class=\"fa fa-user\"><\/i> mbraga<\/li>\r\n                                                <li><i class=\"fa fa-clock-o\"><\/i> 23 de abril de 2026<\/li>\r\n                                            <\/ul>\r\n                                                                                        \r\n                                            \r\n                                        <\/div>\r\n                                    <\/div>\r\n                                \r\n                                <\/a>\r\n                                \r\n                            <\/div>   \r\n                        <\/div>\r\n                        \r\n                         \r\n                        <div class=\"slide\">\r\n                        \r\n                        \t<div class=\"blog-col-inner\">\r\n                            \r\n                            \t                                 <a class=\"blog-link-img blog-with-box blog-imgbg\" href=\"https:\/\/fpciclismo.org.br\/index.php\/2026\/04\/16\/volta-ciclistica-do-estado-de-sao-paulo-na-tv-alesp\/\" style=\"background-image:url(https:\/\/fpciclismo.org.br\/wp-content\/uploads\/2026\/04\/entrevistafacessebastiao.jpeg)\">\r\n                                 \r\n                                                                  <div class=\"blogmask\"><\/div>\r\n                                     <div class=\"zapedah-blog-box\">\r\n                                         <div class=\"zapedah-blog-inner\">\r\n                                         \r\n                                         \r\n\t\t\t\t\t\t\t\t\t\t\t                                            \r\n                                            <h3>Volta Cicl\u00edstica do Estado de S\u00e3o Paulo na TV Alesp<\/h3>\r\n                                             \r\n                                            \r\n                                                                                        <ul class=\"post-meta-box\">\r\n                                                <li><i class=\"fa fa-user\"><\/i> mbraga<\/li>\r\n                                                <li><i class=\"fa fa-clock-o\"><\/i> 16 de abril de 2026<\/li>\r\n                                            <\/ul>\r\n                                                                                        \r\n                                            \r\n                                        <\/div>\r\n                                    <\/div>\r\n                                \r\n                                <\/a>\r\n                                \r\n                            <\/div>   \r\n                        <\/div>\r\n                        \r\n                         \r\n                        <div class=\"slide\">\r\n                        \r\n                        \t<div class=\"blog-col-inner\">\r\n                            \r\n                            \t                                 <a class=\"blog-link-img blog-with-box blog-imgbg\" href=\"https:\/\/fpciclismo.org.br\/index.php\/2026\/04\/09\/prova-ciclistica-1o-de-maio-chega-a-74a-edicao\/\" style=\"background-image:url(https:\/\/fpciclismo.org.br\/wp-content\/uploads\/2026\/04\/2026fpc1demakopost.jpg)\">\r\n                                 \r\n                                                                  <div class=\"blogmask\"><\/div>\r\n                                     <div class=\"zapedah-blog-box\">\r\n                                         <div class=\"zapedah-blog-inner\">\r\n                                         \r\n                                         \r\n\t\t\t\t\t\t\t\t\t\t\t                                            \r\n                                            <h3>Prova Cicl\u00edstica 1\u00ba de Maio chega \u00e0 74\u00aa edi\u00e7\u00e3o<\/h3>\r\n                                             \r\n                                            \r\n                                                                                        <ul class=\"post-meta-box\">\r\n                                                <li><i class=\"fa fa-user\"><\/i> mbraga<\/li>\r\n                                                <li><i class=\"fa fa-clock-o\"><\/i> 9 de abril de 2026<\/li>\r\n                                            <\/ul>\r\n                                                                                        \r\n                                            \r\n                                        <\/div>\r\n                                    <\/div>\r\n                                \r\n                                <\/a>\r\n                                \r\n                            <\/div>   \r\n                        <\/div>\r\n                        \r\n                                           <\/div> \r\n                   \r\n                   \t\t\t\t<\/div>\n\t\t\t\t<\/div>\n\t\t\t\t\t<\/div>\n\t\t<\/div>\n\t\t\t\t\t<\/div>\n\t\t<\/section>\n\t\t\t\t<\/div>\n\t\t","protected":false},"excerpt":{"rendered":"<p>Galeria de Fotos. 2024 Veja as Fotos 2023 Veja as Fotos 2022 Veja as Fotos 2021 Veja as Fotos Paul\u00ednia Racing Bicicross anuncia o lan\u00e7amento de dois projetos novadores de ciclismo admin 10 de dezembro de 2024 Tradicional prova, Trof\u00e9u An\u00e9sio Argenton ocorrer\u00e1 em Araraquara no dia 18 de agosto\u00a0 admin 8 de agosto de 2024 Volta Cicl\u00edstica SP \u2013 &hellip;<\/p>\n","protected":false},"author":1,"featured_media":0,"parent":0,"menu_order":0,"comment_status":"closed","ping_status":"closed","template":"blank-builder.php","meta":{"footnotes":""},"class_list":["post-2797","page","type-page","status-publish","hentry"],"_links":{"self":[{"href":"https:\/\/fpciclismo.org.br\/index.php\/wp-json\/wp\/v2\/pages\/2797","targetHints":{"allow":["GET"]}}],"collection":[{"href":"https:\/\/fpciclismo.org.br\/index.php\/wp-json\/wp\/v2\/pages"}],"about":[{"href":"https:\/\/fpciclismo.org.br\/index.php\/wp-json\/wp\/v2\/types\/page"}],"author":[{"embeddable":true,"href":"https:\/\/fpciclismo.org.br\/index.php\/wp-json\/wp\/v2\/users\/1"}],"replies":[{"embeddable":true,"href":"https:\/\/fpciclismo.org.br\/index.php\/wp-json\/wp\/v2\/comments?post=2797"}],"version-history":[{"count":25,"href":"https:\/\/fpciclismo.org.br\/index.php\/wp-json\/wp\/v2\/pages\/2797\/revisions"}],"predecessor-version":[{"id":4858,"href":"https:\/\/fpciclismo.org.br\/index.php\/wp-json\/wp\/v2\/pages\/2797\/revisions\/4858"}],"wp:attachment":[{"href":"https:\/\/fpciclismo.org.br\/index.php\/wp-json\/wp\/v2\/media?parent=2797"}],"curies":[{"name":"wp","href":"https:\/\/api.w.org\/{rel}","templated":true}]}}