{"id":3497,"date":"2024-11-25T17:47:08","date_gmt":"2024-11-25T20:47:08","guid":{"rendered":"https:\/\/fpciclismo.org.br\/?page_id=3497"},"modified":"2024-12-23T12:54:53","modified_gmt":"2024-12-23T15:54:53","slug":"noticias-bmx","status":"publish","type":"page","link":"https:\/\/fpciclismo.org.br\/index.php\/noticias-bmx\/","title":{"rendered":"Not\u00edcias BMX"},"content":{"rendered":"\t\t<div data-elementor-type=\"wp-page\" data-elementor-id=\"3497\" class=\"elementor elementor-3497\" data-elementor-post-type=\"page\">\n\t\t\t\t\t\t<section class=\"elementor-section elementor-top-section elementor-element elementor-element-12c2cfe elementor-section-boxed elementor-section-height-default elementor-section-height-default\" data-id=\"12c2cfe\" data-element_type=\"section\" data-settings=\"{&quot;background_background&quot;:&quot;classic&quot;}\">\n\t\t\t\t\t\t\t<div class=\"elementor-background-overlay\"><\/div>\n\t\t\t\t\t\t\t<div class=\"elementor-container elementor-column-gap-extended\">\n\t\t\t\t\t<div class=\"elementor-column elementor-col-100 elementor-top-column elementor-element elementor-element-a7c03ff\" data-id=\"a7c03ff\" data-element_type=\"column\">\n\t\t\t<div class=\"elementor-widget-wrap elementor-element-populated\">\n\t\t\t\t\t\t<div class=\"elementor-element elementor-element-5cc9f65 elementor-widget elementor-widget-text-editor\" data-id=\"5cc9f65\" data-element_type=\"widget\" data-widget_type=\"text-editor.default\">\n\t\t\t\t<div class=\"elementor-widget-container\">\n\t\t\t\t\t\t\t\t\t<p>BMX<\/p>\t\t\t\t\t\t\t\t<\/div>\n\t\t\t\t<\/div>\n\t\t\t\t<div class=\"elementor-element elementor-element-b5935af elementor-widget elementor-widget-zapedah-title\" data-id=\"b5935af\" data-element_type=\"widget\" data-widget_type=\"zapedah-title.default\">\n\t\t\t\t<div class=\"elementor-widget-container\">\n\t\t\t\t\t<h2 class=\"content-title\">Not\u00edcias<span>.<\/span><\/h2>\t\t\t\t<\/div>\n\t\t\t\t<\/div>\n\t\t\t\t\t<\/div>\n\t\t<\/div>\n\t\t\t\t\t<\/div>\n\t\t<\/section>\n\t\t\t\t<section class=\"elementor-section elementor-top-section elementor-element elementor-element-de76e3a elementor-section-boxed elementor-section-height-default elementor-section-height-default\" data-id=\"de76e3a\" data-element_type=\"section\">\n\t\t\t\t\t\t<div class=\"elementor-container elementor-column-gap-extended\">\n\t\t\t\t\t<div class=\"elementor-column elementor-col-66 elementor-top-column elementor-element elementor-element-dad2699\" data-id=\"dad2699\" data-element_type=\"column\">\n\t\t\t<div class=\"elementor-widget-wrap elementor-element-populated\">\n\t\t\t\t\t\t<div class=\"elementor-element elementor-element-c314be7 elementor-widget elementor-widget-zapedah-post-four\" data-id=\"c314be7\" data-element_type=\"widget\" data-widget_type=\"zapedah-post-four.default\">\n\t\t\t\t<div class=\"elementor-widget-container\">\n\t\t\t\t\t<div class=\"blog-post-list row clearfix blog-body\">\r\n        <div class=\"col-md-12\">\r\n        <div class=\"blog-col-inner\">\r\n\r\n\r\n\r\n\r\n            <!--if post is standard-->\r\n                                    <img fetchpriority=\"high\" decoding=\"async\" width=\"1080\" height=\"1440\" src=\"https:\/\/fpciclismo.org.br\/wp-content\/uploads\/2026\/01\/2026gpcidadedesppost.jpeg\" class=\"full-size-img wp-post-image\" alt=\"\" srcset=\"https:\/\/fpciclismo.org.br\/wp-content\/uploads\/2026\/01\/2026gpcidadedesppost.jpeg 1080w, https:\/\/fpciclismo.org.br\/wp-content\/uploads\/2026\/01\/2026gpcidadedesppost-225x300.jpeg 225w, https:\/\/fpciclismo.org.br\/wp-content\/uploads\/2026\/01\/2026gpcidadedesppost-768x1024.jpeg 768w\" sizes=\"(max-width: 1080px) 100vw, 1080px\" \/>            <!--if post is gallery-->\r\n            \r\n\r\n\r\n\r\n\r\n            <div class=\"excerpt-box\">\r\n\r\n\r\n\r\n\r\n                <a href=\"https:\/\/fpciclismo.org.br\/index.php\/2026\/01\/15\/gp-cidade-de-sao-paulo-e-atracao-no-aniversario-da-cidade\/\">\r\n                    <h3>GP Cidade de S\u00e3o Paulo \u00e9 atra\u00e7\u00e3o no anivers\u00e1rio da cidade<\/h3>\r\n                <\/a>\r\n\r\n\r\n\r\n                <div class=\"widget-border\"><\/div>\r\n                                <p>\r\n                    Prova ser\u00e1 no Itaim Paulista, com inscri\u00e7\u00f5es gratuitas. S\u00e3o Paulo (SP) \u2013 A primeira competi\u00e7\u00e3o do ciclismo paulista em 2026 ser\u00e1 realiza...                <\/p>\r\n                \r\n\r\n                                <div class=\"box-btnzero\">\r\n                    <a class=\"content-btn\" href=\"https:\/\/fpciclismo.org.br\/index.php\/2026\/01\/15\/gp-cidade-de-sao-paulo-e-atracao-no-aniversario-da-cidade\/\">\r\n\r\n                        \r\n                        Saiba Mais                    <\/a>\r\n                <\/div>\r\n                \r\n\r\n                                <ul class=\"post-meta\">\r\n\r\n                                        <li class=\"postarch\"><i class=\"fa fa-archive\"><\/i> <a href=\"https:\/\/fpciclismo.org.br\/index.php\/category\/bmx1\/\" rel=\"category tag\">BMX<\/a><\/li>\r\n                    \r\n                                        <li><i class=\"fa fa-user\"><\/i> <a href=\"https:\/\/fpciclismo.org.br\/index.php\/author\/mbraga\/\" title=\"Posts de mbraga\" rel=\"author\">mbraga<\/a><\/li>\r\n                    \r\n                                    <\/ul>\r\n                \r\n            <\/div>\r\n\r\n        <\/div>\r\n        <div class=\"spacing30 clearfix\"><\/div>\r\n    <\/div>\r\n\r\n        <div class=\"col-md-12\">\r\n        <div class=\"blog-col-inner\">\r\n\r\n\r\n\r\n\r\n            <!--if post is standard-->\r\n                                    <img decoding=\"async\" width=\"835\" height=\"643\" src=\"https:\/\/fpciclismo.org.br\/wp-content\/uploads\/2025\/07\/Logo_GP_Cidade_de_SP_9_de_Julho_Branco_vert.jpg\" class=\"full-size-img wp-post-image\" alt=\"\" srcset=\"https:\/\/fpciclismo.org.br\/wp-content\/uploads\/2025\/07\/Logo_GP_Cidade_de_SP_9_de_Julho_Branco_vert.jpg 835w, https:\/\/fpciclismo.org.br\/wp-content\/uploads\/2025\/07\/Logo_GP_Cidade_de_SP_9_de_Julho_Branco_vert-300x231.jpg 300w, https:\/\/fpciclismo.org.br\/wp-content\/uploads\/2025\/07\/Logo_GP_Cidade_de_SP_9_de_Julho_Branco_vert-768x591.jpg 768w\" sizes=\"(max-width: 835px) 100vw, 835px\" \/>            <!--if post is gallery-->\r\n            \r\n\r\n\r\n\r\n\r\n            <div class=\"excerpt-box\">\r\n\r\n\r\n\r\n\r\n                <a href=\"https:\/\/fpciclismo.org.br\/index.php\/2025\/07\/08\/gp-cidade-de-sao-paulo-de-ciclismo-retorna-as-ruas-de-sao-paulo-nesta-quarta\/\">\r\n                    <h3>GP Cidade de S\u00e3o Paulo de Ciclismo retorna \u00e0s ruas de S\u00e3o Paulo nesta quarta<\/h3>\r\n                <\/a>\r\n\r\n\r\n\r\n                <div class=\"widget-border\"><\/div>\r\n                                <p>\r\n                    A prova, a partir das 6 horas, reunir\u00e1 ciclistas de dez categorias, com largada e chegada no Jockey Club. S\u00e3o Paulo (SP) \u2013\u00a0As magrelas de co...                <\/p>\r\n                \r\n\r\n                                <div class=\"box-btnzero\">\r\n                    <a class=\"content-btn\" href=\"https:\/\/fpciclismo.org.br\/index.php\/2025\/07\/08\/gp-cidade-de-sao-paulo-de-ciclismo-retorna-as-ruas-de-sao-paulo-nesta-quarta\/\">\r\n\r\n                        \r\n                        Saiba Mais                    <\/a>\r\n                <\/div>\r\n                \r\n\r\n                                <ul class=\"post-meta\">\r\n\r\n                                        <li class=\"postarch\"><i class=\"fa fa-archive\"><\/i> <a href=\"https:\/\/fpciclismo.org.br\/index.php\/category\/bmx1\/\" rel=\"category tag\">BMX<\/a><\/li>\r\n                    \r\n                                        <li><i class=\"fa fa-user\"><\/i> <a href=\"https:\/\/fpciclismo.org.br\/index.php\/author\/mbraga\/\" title=\"Posts de mbraga\" rel=\"author\">mbraga<\/a><\/li>\r\n                    \r\n                                    <\/ul>\r\n                \r\n            <\/div>\r\n\r\n        <\/div>\r\n        <div class=\"spacing30 clearfix\"><\/div>\r\n    <\/div>\r\n\r\n        <div class=\"col-md-12\">\r\n        <div class=\"blog-col-inner\">\r\n\r\n\r\n\r\n\r\n            <!--if post is standard-->\r\n                                    <img decoding=\"async\" width=\"1280\" height=\"853\" src=\"https:\/\/fpciclismo.org.br\/wp-content\/uploads\/2025\/03\/2025bmxfinal.jpeg\" class=\"full-size-img wp-post-image\" alt=\"\" srcset=\"https:\/\/fpciclismo.org.br\/wp-content\/uploads\/2025\/03\/2025bmxfinal.jpeg 1280w, https:\/\/fpciclismo.org.br\/wp-content\/uploads\/2025\/03\/2025bmxfinal-300x200.jpeg 300w, https:\/\/fpciclismo.org.br\/wp-content\/uploads\/2025\/03\/2025bmxfinal-1024x682.jpeg 1024w, https:\/\/fpciclismo.org.br\/wp-content\/uploads\/2025\/03\/2025bmxfinal-768x512.jpeg 768w\" sizes=\"(max-width: 1280px) 100vw, 1280px\" \/>            <!--if post is gallery-->\r\n            \r\n\r\n\r\n\r\n\r\n            <div class=\"excerpt-box\">\r\n\r\n\r\n\r\n\r\n                <a href=\"https:\/\/fpciclismo.org.br\/index.php\/2025\/03\/20\/a-abertura-do-campeonato-paulista-de-bmx-2025-marca-um-novo-capitulo-para-o-esporte\/\">\r\n                    <h3>A abertura do Campeonato Paulista de BMX 2025 marca um novo cap\u00edtulo para o esporte<\/h3>\r\n                <\/a>\r\n\r\n\r\n\r\n                <div class=\"widget-border\"><\/div>\r\n                                <p>\r\n                    Fonte: Associa\u00e7\u00e3o Paulista de BMX A abertura em Paul\u00ednia registrou, no dia 16 de mar\u00e7o, recorde de inscri\u00e7\u00f5es e p\u00fablico, demonstrando a fo...                <\/p>\r\n                \r\n\r\n                                <div class=\"box-btnzero\">\r\n                    <a class=\"content-btn\" href=\"https:\/\/fpciclismo.org.br\/index.php\/2025\/03\/20\/a-abertura-do-campeonato-paulista-de-bmx-2025-marca-um-novo-capitulo-para-o-esporte\/\">\r\n\r\n                        \r\n                        Saiba Mais                    <\/a>\r\n                <\/div>\r\n                \r\n\r\n                                <ul class=\"post-meta\">\r\n\r\n                                        <li class=\"postarch\"><i class=\"fa fa-archive\"><\/i> <a href=\"https:\/\/fpciclismo.org.br\/index.php\/category\/bmx1\/\" rel=\"category tag\">BMX<\/a><\/li>\r\n                    \r\n                                        <li><i class=\"fa fa-user\"><\/i> <a href=\"https:\/\/fpciclismo.org.br\/index.php\/author\/mbraga\/\" title=\"Posts de mbraga\" rel=\"author\">mbraga<\/a><\/li>\r\n                    \r\n                                    <\/ul>\r\n                \r\n            <\/div>\r\n\r\n        <\/div>\r\n        <div class=\"spacing30 clearfix\"><\/div>\r\n    <\/div>\r\n\r\n        <div class=\"col-md-12\">\r\n        <div class=\"blog-col-inner\">\r\n\r\n\r\n\r\n\r\n            <!--if post is standard-->\r\n                                    <img loading=\"lazy\" decoding=\"async\" width=\"899\" height=\"1599\" src=\"https:\/\/fpciclismo.org.br\/wp-content\/uploads\/2025\/02\/BMXHolambra.jpeg\" class=\"full-size-img wp-post-image\" alt=\"\" srcset=\"https:\/\/fpciclismo.org.br\/wp-content\/uploads\/2025\/02\/BMXHolambra.jpeg 899w, https:\/\/fpciclismo.org.br\/wp-content\/uploads\/2025\/02\/BMXHolambra-169x300.jpeg 169w, https:\/\/fpciclismo.org.br\/wp-content\/uploads\/2025\/02\/BMXHolambra-576x1024.jpeg 576w, https:\/\/fpciclismo.org.br\/wp-content\/uploads\/2025\/02\/BMXHolambra-768x1366.jpeg 768w, https:\/\/fpciclismo.org.br\/wp-content\/uploads\/2025\/02\/BMXHolambra-864x1536.jpeg 864w\" sizes=\"(max-width: 899px) 100vw, 899px\" \/>            <!--if post is gallery-->\r\n            \r\n\r\n\r\n\r\n\r\n            <div class=\"excerpt-box\">\r\n\r\n\r\n\r\n\r\n                <a href=\"https:\/\/fpciclismo.org.br\/index.php\/2025\/02\/28\/1-copa-pre-bike-holambra\/\">\r\n                    <h3>1\u00b0 Copa Pr\u00e9-bike Holambra<\/h3>\r\n                <\/a>\r\n\r\n\r\n\r\n                <div class=\"widget-border\"><\/div>\r\n                                <p>\r\n                    A cidade de Holambra ser\u00e1 sede, nos dias 26 e 27 de abril, da 1\u00b0 Copa Pr\u00e9-bike Holambra. Trata-se de um evento pioneiro no Brasil, que vem des...                <\/p>\r\n                \r\n\r\n                                <div class=\"box-btnzero\">\r\n                    <a class=\"content-btn\" href=\"https:\/\/fpciclismo.org.br\/index.php\/2025\/02\/28\/1-copa-pre-bike-holambra\/\">\r\n\r\n                        \r\n                        Saiba Mais                    <\/a>\r\n                <\/div>\r\n                \r\n\r\n                                <ul class=\"post-meta\">\r\n\r\n                                        <li class=\"postarch\"><i class=\"fa fa-archive\"><\/i> <a href=\"https:\/\/fpciclismo.org.br\/index.php\/category\/bmx1\/\" rel=\"category tag\">BMX<\/a><\/li>\r\n                    \r\n                                        <li><i class=\"fa fa-user\"><\/i> <a href=\"https:\/\/fpciclismo.org.br\/index.php\/author\/mbraga\/\" title=\"Posts de mbraga\" rel=\"author\">mbraga<\/a><\/li>\r\n                    \r\n                                    <\/ul>\r\n                \r\n            <\/div>\r\n\r\n        <\/div>\r\n        <div class=\"spacing30 clearfix\"><\/div>\r\n    <\/div>\r\n\r\n    <\/div>\r\n\r\n<!--pagination-->\r\n<ul class='pagination zapedah-pg'><li class='active'><a href='#' >1<\/a><\/li><li><a href='https:\/\/fpciclismo.org.br\/index.php\/wp-json\/wp\/v2\/pages\/3497\/page\/2\/' class='inactive' >2<\/a><\/li><li><a href='https:\/\/fpciclismo.org.br\/index.php\/wp-json\/wp\/v2\/pages\/3497\/page\/3\/' class='inactive' >3<\/a><\/li><\/ul>\n\t\t\t\t<\/div>\n\t\t\t\t<\/div>\n\t\t\t\t\t<\/div>\n\t\t<\/div>\n\t\t\t\t<div class=\"elementor-column elementor-col-33 elementor-top-column elementor-element elementor-element-8f6a1b8\" data-id=\"8f6a1b8\" data-element_type=\"column\">\n\t\t\t<div class=\"elementor-widget-wrap elementor-element-populated\">\n\t\t\t\t\t\t<div class=\"elementor-element elementor-element-057ac6d elementor-widget elementor-widget-zapedah-sidebar\" data-id=\"057ac6d\" data-element_type=\"widget\" data-widget_type=\"zapedah-sidebar.default\">\n\t\t\t\t<div class=\"elementor-widget-container\">\n\t\t\t\t\t<!--SIDEBAR START-->\r\n<div class=\"zapedah-sidebar sidebar clearfix\">\r\n    <div  id=\"block-2\" class=\"widget widget_block widget_search clearfix\"><form role=\"search\" method=\"get\" action=\"https:\/\/fpciclismo.org.br\/\" class=\"wp-block-search__button-outside wp-block-search__text-button wp-block-search\"    ><label class=\"wp-block-search__label\" for=\"wp-block-search__input-1\" >Pesquisar<\/label><div class=\"wp-block-search__inside-wrapper\" ><input class=\"wp-block-search__input\" id=\"wp-block-search__input-1\" placeholder=\"\" value=\"\" type=\"search\" name=\"s\" required \/><button aria-label=\"Pesquisar\" class=\"wp-block-search__button wp-element-button\" type=\"submit\" >Pesquisar<\/button><\/div><\/form><\/div>\n\t\t<div  id=\"recent-posts-1\" class=\"widget widget_recent_entries clearfix\">\n\t\t<h3 class=\"widgettitle\">Posts recentes<\/h3> <div class=\"widget-border\"><\/div>\n\t\t<ul>\n\t\t\t\t\t\t\t\t\t\t\t<li>\n\t\t\t\t\t<a href=\"https:\/\/fpciclismo.org.br\/index.php\/2026\/04\/24\/12a-volta-ciclistica-internacional-do-estado-de-sao-paulo-reune-forcas-da-america-do-sul\/\">12\u00aa Volta Cicl\u00edstica Internacional do Estado de  S\u00e3o Paulo re\u00fane for\u00e7as da Am\u00e9rica do Sul<\/a>\n\t\t\t\t\t\t\t\t\t<\/li>\n\t\t\t\t\t\t\t\t\t\t\t<li>\n\t\t\t\t\t<a href=\"https:\/\/fpciclismo.org.br\/index.php\/2026\/04\/23\/igor-molina-e-campeao-geral-da-2a-volta-ciclistica-de-sao-jose-dos-campos\/\">Igor Molina \u00e9 campe\u00e3o geral da 2\u00aa Volta Cicl\u00edstica de S\u00e3o Jos\u00e9 dos Campos<\/a>\n\t\t\t\t\t\t\t\t\t<\/li>\n\t\t\t\t\t\t\t\t\t\t\t<li>\n\t\t\t\t\t<a href=\"https:\/\/fpciclismo.org.br\/index.php\/2026\/04\/16\/volta-ciclistica-do-estado-de-sao-paulo-na-tv-alesp\/\">Volta Cicl\u00edstica do Estado de S\u00e3o Paulo na TV Alesp<\/a>\n\t\t\t\t\t\t\t\t\t<\/li>\n\t\t\t\t\t\t\t\t\t\t\t<li>\n\t\t\t\t\t<a href=\"https:\/\/fpciclismo.org.br\/index.php\/2026\/04\/09\/prova-ciclistica-1o-de-maio-chega-a-74a-edicao\/\">Prova Cicl\u00edstica 1\u00ba de Maio chega \u00e0 74\u00aa edi\u00e7\u00e3o<\/a>\n\t\t\t\t\t\t\t\t\t<\/li>\n\t\t\t\t\t\t\t\t\t\t\t<li>\n\t\t\t\t\t<a href=\"https:\/\/fpciclismo.org.br\/index.php\/2026\/04\/08\/volta-ciclistica-do-estado-de-sao-paulo-tem-12a-edicao-em-maio\/\">Volta Cicl\u00edstica do Estado de S\u00e3o  Paulo tem 12\u00aa edi\u00e7\u00e3o em maio<\/a>\n\t\t\t\t\t\t\t\t\t<\/li>\n\t\t\t\t\t<\/ul>\n\n\t\t<\/div><div  id=\"block-8\" class=\"widget widget_block clearfix\">\n<h2 class=\"wp-block-heading\">Categorias<\/h2>\n<\/div><div  id=\"block-7\" class=\"widget widget_block widget_categories clearfix\"><ul class=\"wp-block-categories-list wp-block-categories\">\t<li class=\"cat-item cat-item-1\"><a href=\"https:\/\/fpciclismo.org.br\/index.php\/category\/bmx1\/\">BMX<\/a>\n<\/li>\n\t<li class=\"cat-item cat-item-29\"><a href=\"https:\/\/fpciclismo.org.br\/index.php\/category\/bmx-freestyle\/\">BMX Freestyle<\/a>\n<\/li>\n\t<li class=\"cat-item cat-item-33\"><a href=\"https:\/\/fpciclismo.org.br\/index.php\/category\/cicloturismo\/\">Cicloturismo<\/a>\n<\/li>\n\t<li class=\"cat-item cat-item-35\"><a href=\"https:\/\/fpciclismo.org.br\/index.php\/category\/estrada\/\">Estrada<\/a>\n<\/li>\n\t<li class=\"cat-item cat-item-39\"><a href=\"https:\/\/fpciclismo.org.br\/index.php\/category\/mtb\/\">MTB<\/a>\n<\/li>\n\t<li class=\"cat-item cat-item-41\"><a href=\"https:\/\/fpciclismo.org.br\/index.php\/category\/outros\/\">Outros<\/a>\n<\/li>\n\t<li class=\"cat-item cat-item-42\"><a href=\"https:\/\/fpciclismo.org.br\/index.php\/category\/paraciclismo\/\">Paraciclismo<\/a>\n<\/li>\n\t<li class=\"cat-item cat-item-43\"><a href=\"https:\/\/fpciclismo.org.br\/index.php\/category\/pista\/\">Pista<\/a>\n<\/li>\n<\/ul><\/div><div  id=\"block-9\" class=\"widget widget_block clearfix\">\n<h2 class=\"wp-block-heading\">Arquivos<\/h2>\n<\/div><div  id=\"block-10\" class=\"widget widget_block widget_archive clearfix\"><ul class=\"wp-block-archives-list wp-block-archives\">\t<li><a href='https:\/\/fpciclismo.org.br\/index.php\/2026\/04\/'>abril 2026<\/a><\/li>\n\t<li><a href='https:\/\/fpciclismo.org.br\/index.php\/2026\/03\/'>mar\u00e7o 2026<\/a><\/li>\n\t<li><a href='https:\/\/fpciclismo.org.br\/index.php\/2026\/02\/'>fevereiro 2026<\/a><\/li>\n\t<li><a href='https:\/\/fpciclismo.org.br\/index.php\/2026\/01\/'>janeiro 2026<\/a><\/li>\n\t<li><a href='https:\/\/fpciclismo.org.br\/index.php\/2025\/12\/'>dezembro 2025<\/a><\/li>\n\t<li><a href='https:\/\/fpciclismo.org.br\/index.php\/2025\/11\/'>novembro 2025<\/a><\/li>\n\t<li><a href='https:\/\/fpciclismo.org.br\/index.php\/2025\/10\/'>outubro 2025<\/a><\/li>\n\t<li><a href='https:\/\/fpciclismo.org.br\/index.php\/2025\/09\/'>setembro 2025<\/a><\/li>\n\t<li><a href='https:\/\/fpciclismo.org.br\/index.php\/2025\/08\/'>agosto 2025<\/a><\/li>\n\t<li><a href='https:\/\/fpciclismo.org.br\/index.php\/2025\/07\/'>julho 2025<\/a><\/li>\n\t<li><a href='https:\/\/fpciclismo.org.br\/index.php\/2025\/06\/'>junho 2025<\/a><\/li>\n\t<li><a href='https:\/\/fpciclismo.org.br\/index.php\/2025\/05\/'>maio 2025<\/a><\/li>\n\t<li><a href='https:\/\/fpciclismo.org.br\/index.php\/2025\/04\/'>abril 2025<\/a><\/li>\n\t<li><a href='https:\/\/fpciclismo.org.br\/index.php\/2025\/03\/'>mar\u00e7o 2025<\/a><\/li>\n\t<li><a href='https:\/\/fpciclismo.org.br\/index.php\/2025\/02\/'>fevereiro 2025<\/a><\/li>\n\t<li><a href='https:\/\/fpciclismo.org.br\/index.php\/2025\/01\/'>janeiro 2025<\/a><\/li>\n\t<li><a href='https:\/\/fpciclismo.org.br\/index.php\/2024\/08\/'>agosto 2024<\/a><\/li>\n\t<li><a href='https:\/\/fpciclismo.org.br\/index.php\/2024\/07\/'>julho 2024<\/a><\/li>\n\t<li><a href='https:\/\/fpciclismo.org.br\/index.php\/2024\/06\/'>junho 2024<\/a><\/li>\n\t<li><a href='https:\/\/fpciclismo.org.br\/index.php\/2024\/05\/'>maio 2024<\/a><\/li>\n\t<li><a href='https:\/\/fpciclismo.org.br\/index.php\/2024\/03\/'>mar\u00e7o 2024<\/a><\/li>\n\t<li><a href='https:\/\/fpciclismo.org.br\/index.php\/2024\/01\/'>janeiro 2024<\/a><\/li>\n\t<li><a href='https:\/\/fpciclismo.org.br\/index.php\/2023\/09\/'>setembro 2023<\/a><\/li>\n\t<li><a href='https:\/\/fpciclismo.org.br\/index.php\/2023\/08\/'>agosto 2023<\/a><\/li>\n\t<li><a href='https:\/\/fpciclismo.org.br\/index.php\/2023\/04\/'>abril 2023<\/a><\/li>\n\t<li><a href='https:\/\/fpciclismo.org.br\/index.php\/2022\/01\/'>janeiro 2022<\/a><\/li>\n\t<li><a href='https:\/\/fpciclismo.org.br\/index.php\/2021\/09\/'>setembro 2021<\/a><\/li>\n\t<li><a href='https:\/\/fpciclismo.org.br\/index.php\/2021\/08\/'>agosto 2021<\/a><\/li>\n\t<li><a href='https:\/\/fpciclismo.org.br\/index.php\/2020\/12\/'>dezembro 2020<\/a><\/li>\n\t<li><a href='https:\/\/fpciclismo.org.br\/index.php\/2020\/11\/'>novembro 2020<\/a><\/li>\n\t<li><a href='https:\/\/fpciclismo.org.br\/index.php\/2020\/09\/'>setembro 2020<\/a><\/li>\n\t<li><a href='https:\/\/fpciclismo.org.br\/index.php\/2020\/08\/'>agosto 2020<\/a><\/li>\n\t<li><a href='https:\/\/fpciclismo.org.br\/index.php\/2020\/07\/'>julho 2020<\/a><\/li>\n\t<li><a href='https:\/\/fpciclismo.org.br\/index.php\/2019\/10\/'>outubro 2019<\/a><\/li>\n<\/ul><\/div><div  id=\"block-4\" class=\"widget widget_block clearfix\">\n<div class=\"wp-block-group\"><div class=\"wp-block-group__inner-container is-layout-flow wp-block-group-is-layout-flow\"><\/div><\/div>\n<\/div><div  id=\"zapedah_about-1\" class=\"widget widget_zapedah_about clearfix\"><div class=\"widget-about-us clearfix\"><div class=\"abtw-box\" style=\"background-image:url(https:\/\/fpciclismo.org.br\/wp-content\/uploads\/2024\/08\/2024_9deJulho_Podio_Elite_Fotop-scaled-1-e1723758927983.jpg);background-position: center;background-size: cover;\"><div class=\"border-ab\"><\/div><div class=\"slider-mask\"><\/div>\t\t\t<div class=\"bordering-widget\">\r\n\r\n\r\n\r\n\t\t\t\t<h3>Federa\u00e7\u00e3o Paulista de Ciclismo<\/h3>\r\n\t\t\t\t<p class=\"wdg-about-subtitle\"><\/p>\r\n\t\t\t<\/div>\r\n\t\t<\/div><div class=\"ab-bordering\"><p>A Federa\u00e7\u00e3o Paulista de Ciclismo tem como objetivo promover e fomentar o ciclismo esportivo, al\u00e9m de incentivar o uso seguro da bicicleta em todas as suas dimens\u00f5es. A FPC, como entidade respons\u00e1vel e \u00fanica por representar os ciclistas em S\u00e3o Paulo, visa buscar recursos para promover e impulsionar as atividades cicl\u00edsticas para a forma\u00e7\u00e3o de novos atletas e para apoiar os atletas filiados nas v\u00e1rias situa\u00e7\u00f5es que necessitam..<\/p><ul class=\"abtw-soc\">\t\t\t\t<li><a href=\"https:\/\/www.facebook.com\/fpciclismo1925\/\" target=\"_blank\"><i class=\"fa fa-facebook\"><\/i><\/a><\/li>\r\n\t\t\t\t\t\t\t<li><a href=\"https:\/\/x.com\/i\/flow\/login?redirect_after_login=%2Ffpciclismo\" target=\"_blank\"><i class=\"fa fa-twitter\"><\/i><\/a><\/li>\r\n\t\t\t\t\t\t\t<li><a href=\"https:\/\/www.instagram.com\/fpc.oficial\/\" target=\"_blank\"><i class=\"fa fa-instagram\"><\/i><\/a><\/li>\r\n\t\t\t\t\t\t\t<li><a href=\"https:\/\/www.youtube.com\/user\/fpciclismosp\" target=\"_blank\"><i class=\"fa fa-youtube\"><\/i><\/a><\/li>\r\n\t\t\t<\/ul><\/div><\/div><\/div><div  id=\"tag_cloud-1\" class=\"widget widget_tag_cloud clearfix\"><h3 class=\"widgettitle\">Tags<\/h3> <div class=\"widget-border\"><\/div><div class=\"tagcloud\"><a href=\"https:\/\/fpciclismo.org.br\/index.php\/tag\/worldtour\/\" class=\"tag-cloud-link tag-link-55 tag-link-position-1\" aria-label=\"#worldTour (1 item)\">#worldTour<\/a>\n<a href=\"https:\/\/fpciclismo.org.br\/index.php\/tag\/alice-melo\/\" class=\"tag-cloud-link tag-link-46 tag-link-position-2\" aria-label=\"Alice Melo (1 item)\">Alice Melo<\/a>\n<a href=\"https:\/\/fpciclismo.org.br\/index.php\/tag\/calendario-mundial\/\" class=\"tag-cloud-link tag-link-56 tag-link-position-3\" aria-label=\"calendario mundial (1 item)\">calendario mundial<\/a>\n<a href=\"https:\/\/fpciclismo.org.br\/index.php\/tag\/ciclismo-de-estrada\/\" class=\"tag-cloud-link tag-link-57 tag-link-position-4\" aria-label=\"ciclismo de estrada (1 item)\">ciclismo de estrada<\/a>\n<a href=\"https:\/\/fpciclismo.org.br\/index.php\/tag\/ciclomobilidade\/\" class=\"tag-cloud-link tag-link-54 tag-link-position-5\" aria-label=\"ciclomobilidade (1 item)\">ciclomobilidade<\/a>\n<a href=\"https:\/\/fpciclismo.org.br\/index.php\/tag\/cicloturismo\/\" class=\"tag-cloud-link tag-link-51 tag-link-position-6\" aria-label=\"cicloturismo (2 itens)\">cicloturismo<\/a>\n<a href=\"https:\/\/fpciclismo.org.br\/index.php\/tag\/criterium-du-dauphine\/\" class=\"tag-cloud-link tag-link-58 tag-link-position-7\" aria-label=\"criterium du dauphine (1 item)\">criterium du dauphine<\/a>\n<a href=\"https:\/\/fpciclismo.org.br\/index.php\/tag\/destaque\/\" class=\"tag-cloud-link tag-link-48 tag-link-position-8\" aria-label=\"destaque (9 itens)\">destaque<\/a>\n<a href=\"https:\/\/fpciclismo.org.br\/index.php\/tag\/dicas-para-iniciantes\/\" class=\"tag-cloud-link tag-link-52 tag-link-position-9\" aria-label=\"dicas para iniciantes (1 item)\">dicas para iniciantes<\/a>\n<a href=\"https:\/\/fpciclismo.org.br\/index.php\/tag\/e-bike\/\" class=\"tag-cloud-link tag-link-53 tag-link-position-10\" aria-label=\"e-bike (1 item)\">e-bike<\/a>\n<a href=\"https:\/\/fpciclismo.org.br\/index.php\/tag\/paraciclismo\/\" class=\"tag-cloud-link tag-link-8 tag-link-position-11\" aria-label=\"Paraciclismo (1 item)\">Paraciclismo<\/a>\n<a href=\"https:\/\/fpciclismo.org.br\/index.php\/tag\/paulista-de-bmx\/\" class=\"tag-cloud-link tag-link-60 tag-link-position-12\" aria-label=\"paulista de BMX (1 item)\">paulista de BMX<\/a>\n<a href=\"https:\/\/fpciclismo.org.br\/index.php\/tag\/resultados\/\" class=\"tag-cloud-link tag-link-61 tag-link-position-13\" aria-label=\"resultados (1 item)\">resultados<\/a>\n<a href=\"https:\/\/fpciclismo.org.br\/index.php\/tag\/vamos-pedalar\/\" class=\"tag-cloud-link tag-link-50 tag-link-position-14\" aria-label=\"vamos pedalar (1 item)\">vamos pedalar<\/a>\n<a href=\"https:\/\/fpciclismo.org.br\/index.php\/tag\/velometro\/\" class=\"tag-cloud-link tag-link-49 tag-link-position-15\" aria-label=\"vel\u00f4metro (1 item)\">vel\u00f4metro<\/a>\n<a href=\"https:\/\/fpciclismo.org.br\/index.php\/tag\/wout-van-aert\/\" class=\"tag-cloud-link tag-link-59 tag-link-position-16\" aria-label=\"Wout Van Aert (1 item)\">Wout Van Aert<\/a><\/div>\n<\/div><\/div>\r\n<!--\/.sidebar-->\r\n<!--SIDEBAR END-->\r\n\t\t\t\t<\/div>\n\t\t\t\t<\/div>\n\t\t\t\t\t<\/div>\n\t\t<\/div>\n\t\t\t\t\t<\/div>\n\t\t<\/section>\n\t\t\t\t<\/div>\n\t\t","protected":false},"excerpt":{"rendered":"<p>BMX Not\u00edcias. Paul\u00ednia Racing Bicicross anuncia o lan\u00e7amento de dois projetos novadores de ciclismo A OSC Paul\u00ednia Racing Bicicross, em comemora\u00e7\u00e3o aos seus 27 anos de dedica\u00e7\u00e3o ao esporte e \u00e0 comunidade, tem o orgulho de anunciar lan\u00e7ame&#8230; Saiba Mais BMX, MTB admin Paul\u00ednia Racing Bicicross anuncia o lan\u00e7amento de dois projetos novadores de ciclismo A OSC Paul\u00ednia Racing Bicicross, &hellip;<\/p>\n","protected":false},"author":1,"featured_media":0,"parent":0,"menu_order":0,"comment_status":"closed","ping_status":"closed","template":"blank-builder.php","meta":{"footnotes":""},"class_list":["post-3497","page","type-page","status-publish","hentry"],"_links":{"self":[{"href":"https:\/\/fpciclismo.org.br\/index.php\/wp-json\/wp\/v2\/pages\/3497","targetHints":{"allow":["GET"]}}],"collection":[{"href":"https:\/\/fpciclismo.org.br\/index.php\/wp-json\/wp\/v2\/pages"}],"about":[{"href":"https:\/\/fpciclismo.org.br\/index.php\/wp-json\/wp\/v2\/types\/page"}],"author":[{"embeddable":true,"href":"https:\/\/fpciclismo.org.br\/index.php\/wp-json\/wp\/v2\/users\/1"}],"replies":[{"embeddable":true,"href":"https:\/\/fpciclismo.org.br\/index.php\/wp-json\/wp\/v2\/comments?post=3497"}],"version-history":[{"count":7,"href":"https:\/\/fpciclismo.org.br\/index.php\/wp-json\/wp\/v2\/pages\/3497\/revisions"}],"predecessor-version":[{"id":4601,"href":"https:\/\/fpciclismo.org.br\/index.php\/wp-json\/wp\/v2\/pages\/3497\/revisions\/4601"}],"wp:attachment":[{"href":"https:\/\/fpciclismo.org.br\/index.php\/wp-json\/wp\/v2\/media?parent=3497"}],"curies":[{"name":"wp","href":"https:\/\/api.w.org\/{rel}","templated":true}]}}