{"id":894,"date":"2020-04-29T18:09:45","date_gmt":"2020-04-29T18:09:45","guid":{"rendered":"http:\/\/demo.winnertheme.com\/zapedah\/?page_id=7"},"modified":"2025-01-23T12:08:44","modified_gmt":"2025-01-23T15:08:44","slug":"diretoria","status":"publish","type":"page","link":"https:\/\/fpciclismo.org.br\/index.php\/diretoria\/","title":{"rendered":"Diretoria"},"content":{"rendered":"\t\t<div data-elementor-type=\"wp-page\" data-elementor-id=\"894\" class=\"elementor elementor-894\" data-elementor-post-type=\"page\">\n\t\t\t\t<div class=\"elementor-element elementor-element-5330c8c e-con-full elementor-hidden-mobile e-flex e-con e-parent\" data-id=\"5330c8c\" data-element_type=\"container\">\n\t\t<div class=\"elementor-element elementor-element-c0f6264 e-con-full e-flex e-con e-child\" data-id=\"c0f6264\" data-element_type=\"container\">\n\t\t\t\t<div class=\"elementor-element elementor-element-c71b6aa elementor-widget elementor-widget-rdn-slider\" data-id=\"c71b6aa\" data-element_type=\"widget\" data-settings=\"{&quot;slider_speed&quot;:8000}\" data-widget_type=\"rdn-slider.default\">\n\t\t\t\t<div class=\"elementor-widget-container\">\n\t\t\t\t\t\r\n\r\n<div class=\"slider home-slider  ani-slider  clearfix\"\r\n    data-slick='{\"autoplaySpeed\": 8000}'>\r\n\r\n    \r\n    <div class=\"item slide clearfix\">\r\n\r\n        <div class=\"slider-img-bg\" data-animation=\"puffIn\" data-delay=\"0.2s\" data-animation-duration=\"0.7s\"\r\n            style=\"background-image:url(https:\/\/fpciclismo.org.br\/wp-content\/uploads\/2024\/08\/fundo-membros-1.jpg);\"><\/div>\r\n\r\n        <div class=\"slider-mask\" data-animation=\"slideUpReturn\" data-delay=\"0.1s\"><\/div>\r\n\r\n        <div class=\"caption-box clearfix\">\r\n\r\n            <div class=\"slider-box container-fluid\">\r\n                <div class=\"slider-content\">\r\n\r\n\r\n\r\n                    \r\n                    \r\n                    <div class=\"slider-hidden\">\r\n                        <h3 class=\"slider-title\" data-animation=\"fadeInUp\" data-delay=\"0.8s\">\r\n                            Membros FPC<\/h3>\r\n                    <\/div>\r\n                    <!--\/.slider-hidden-->\r\n\r\n\r\n                    \r\n                    \r\n                    \r\n                <\/div>\r\n                <!--\/.slider-content-->\r\n            <\/div>\r\n            <!--\/.slider-box-->\r\n\r\n\r\n\r\n        <\/div>\r\n        <!--\/.caption-box-->\r\n    <\/div>\r\n    <!--\/.slide-->\r\n\r\n    <\/div>\r\n\r\n\r\n\t\t\t\t<\/div>\n\t\t\t\t<\/div>\n\t\t\t\t<\/div>\n\t\t\t\t<\/div>\n\t\t\t\t<section class=\"elementor-section elementor-top-section elementor-element elementor-element-535e1d1 elementor-section-boxed elementor-section-height-default elementor-section-height-default\" data-id=\"535e1d1\" data-element_type=\"section\">\n\t\t\t\t\t\t<div class=\"elementor-container elementor-column-gap-extended\">\n\t\t\t\t\t<div class=\"elementor-column elementor-col-100 elementor-top-column elementor-element elementor-element-2802578\" data-id=\"2802578\" data-element_type=\"column\">\n\t\t\t<div class=\"elementor-widget-wrap\">\n\t\t\t\t\t\t\t<\/div>\n\t\t<\/div>\n\t\t\t\t\t<\/div>\n\t\t<\/section>\n\t\t\t\t<section class=\"elementor-section elementor-top-section elementor-element elementor-element-a1f33e5 elementor-section-boxed elementor-section-height-default elementor-section-height-default\" data-id=\"a1f33e5\" data-element_type=\"section\" data-settings=\"{&quot;background_background&quot;:&quot;classic&quot;}\">\n\t\t\t\t\t\t<div class=\"elementor-container elementor-column-gap-extended\">\n\t\t\t\t\t<div class=\"elementor-column elementor-col-50 elementor-top-column elementor-element elementor-element-5f9a6f1 animated-fast elementor-invisible\" data-id=\"5f9a6f1\" data-element_type=\"column\" data-settings=\"{&quot;animation&quot;:&quot;fadeInUp&quot;,&quot;animation_tablet&quot;:&quot;none&quot;}\">\n\t\t\t<div class=\"elementor-widget-wrap elementor-element-populated\">\n\t\t\t\t\t\t<div class=\"elementor-element elementor-element-d58298d elementor-widget elementor-widget-zapedah-team\" data-id=\"d58298d\" data-element_type=\"widget\" data-widget_type=\"zapedah-team.default\">\n\t\t\t\t<div class=\"elementor-widget-container\">\n\t\t\t\t\t<div class=\"clearfix\">\r\n    <div class=\"port-inner team-innerbox\">\r\n        <div class=\"port-box\"><\/div>\r\n        <div class=\"port-img width-img img-bg\"\r\n            style=\"background-image:url(https:\/\/fpciclismo.org.br\/wp-content\/uploads\/2024\/08\/WhatsApp-Image-2024-08-08-at-16.00.07-1.jpeg);\"><\/div>\r\n        <div class=\"img-mask\"><\/div>\r\n\t\t<ul class=\"team-sicon\">\r\n\t\t\t\t\t\t<li>\r\n\t\t\t\t<a href=\"\" class=\"elementor-icon elementor-social-icon elementor-social-icon- elementor-animation-push elementor-repeater-item-eb8f789\" target=\"_blank\">\r\n\t\t\t\t\t<span class=\"elementor-screen-only\"><\/span>\r\n\t\t\t\t\t\t\t\t\t<\/a>\r\n\t\t\t<\/li>\r\n\t\t\t\r\n\r\n\r\n\t\t<\/ul>\r\n    <\/div>\r\n    <div class=\"team-box\">\r\n        <div class=\"team-box-relative\">\r\n            <h3 >Jos\u00e9 Claudio<\/h3>\r\n            <p >Presidente<\/p>\r\n       \r\n        <\/div>\r\n    <\/div>\r\n<\/div>\r\n\r\n\t\t\t\t<\/div>\n\t\t\t\t<\/div>\n\t\t\t\t<div class=\"elementor-element elementor-element-08997fa elementor-widget elementor-widget-text-editor\" data-id=\"08997fa\" data-element_type=\"widget\" data-widget_type=\"text-editor.default\">\n\t\t\t\t<div class=\"elementor-widget-container\">\n\t\t\t\t\t\t\t\t\t<h6 style=\"text-align: center;\"><span style=\"color: #000000;\">Conhecido por todos como Facex<\/span><\/h6>\n<ul>\n \t<li><span style=\"color: #000000;\">Ciclista Profissional \u2013 Temporadas 1.999 a 2011 ( 12 anos consecutivos);<\/span><\/li>\n \t<li><span style=\"color: #000000;\">Penta Campe\u00e3o Paulista de Montanha;<\/span><\/li>\n \t<li><span style=\"color: #000000;\">Campe\u00e3o Brasileiro de Estrada \u2013 1.999;<\/span><\/li>\n \t<li><span style=\"color: #000000;\">Campe\u00e3o da Volta do Descobrimento \u2013 Bahia 1999;<\/span><\/li>\n \t<li><span style=\"color: #000000;\">Campe\u00e3o de Montanha da Volta do Litoral do Paran\u00e1 \u2013 2001;<\/span><\/li>\n \t<li><span style=\"color: #000000;\">Campe\u00e3o da Volta Internacional do Estado de S\u00e3o Paulo Por Equipes \u2013 2004;<\/span><\/li>\n \t<li><span style=\"color: #000000;\">Volta Cicl\u00edstica do Uruguay -2002;<\/span><\/li>\n \t<li><span style=\"color: #000000;\">Pan-americano de Ciclismo \u2013 2003;<\/span><\/li>\n<\/ul>\n<h6 style=\"text-align: center;\"><span style=\"color: #000000;\">Representando o Brasil<\/span><\/h6>\n<ul>\n \t<li><span style=\"color: #000000;\">Sele\u00e7\u00e3o Brasileira de Ciclismo 1999 a 2002;<\/span><\/li>\n<\/ul>\n<h6 style=\"text-align: center;\"><span style=\"color: #000000;\">Representando o Estado de S\u00e3o Paulo<\/span><\/h6>\n<ul>\n \t<li><span style=\"color: #000000;\">Sele\u00e7\u00e3o Paulista de Ciclismo 2007;<\/span><\/li>\n<\/ul>\n<h6 style=\"text-align: center;\"><span style=\"color: #000000;\">Equipes por qual passou em sua trajet\u00f3ria<\/span><\/h6>\n<ul>\n \t<li><span style=\"color: #000000;\">Ecus &#8211; Denver Suzano \u2013 1998;<\/span><\/li>\n \t<li><span style=\"color: #000000;\">Guarulhos Audifar &#8211; 1999 a 2001 \u2013 2003;<\/span><\/li>\n \t<li><span style=\"color: #000000;\">Covama Nieves Madri \u2013 2000;<\/span><\/li>\n \t<li><span style=\"color: #000000;\">Pindamonhanga \u2013 Fuvic \u2013 2007;<\/span><\/li>\n \t<li><span style=\"color: #000000;\">Memorial Santos \u2013 2004 a 2006 e 2008;<\/span><\/li>\n \t<li><span style=\"color: #000000;\">Pro Cycling Team ADF \u2013 2009 a 2011;<\/span><\/li>\n<\/ul>\t\t\t\t\t\t\t\t<\/div>\n\t\t\t\t<\/div>\n\t\t\t\t\t<\/div>\n\t\t<\/div>\n\t\t\t\t<div class=\"elementor-column elementor-col-50 elementor-top-column elementor-element elementor-element-ff046c8 animated-fast elementor-invisible\" data-id=\"ff046c8\" data-element_type=\"column\" data-settings=\"{&quot;animation&quot;:&quot;fadeInUp&quot;,&quot;animation_tablet&quot;:&quot;none&quot;,&quot;animation_delay&quot;:600}\">\n\t\t\t<div class=\"elementor-widget-wrap elementor-element-populated\">\n\t\t\t\t\t\t<div class=\"elementor-element elementor-element-73e629f elementor-widget elementor-widget-zapedah-team\" data-id=\"73e629f\" data-element_type=\"widget\" data-widget_type=\"zapedah-team.default\">\n\t\t\t\t<div class=\"elementor-widget-container\">\n\t\t\t\t\t<div class=\"clearfix\">\r\n    <div class=\"port-inner team-innerbox\">\r\n        <div class=\"port-box\"><\/div>\r\n        <div class=\"port-img width-img img-bg\"\r\n            style=\"background-image:url(https:\/\/fpciclismo.org.br\/wp-content\/uploads\/2024\/12\/WhatsApp-Image-2024-12-05-at-13.29.08.jpeg);\"><\/div>\r\n        <div class=\"img-mask\"><\/div>\r\n\t\t<ul class=\"team-sicon\">\r\n\t\t\t\t\t\t<li>\r\n\t\t\t\t<a href=\"\" class=\"elementor-icon elementor-social-icon elementor-social-icon- elementor-animation-push elementor-repeater-item-2dd60bb\" target=\"_blank\">\r\n\t\t\t\t\t<span class=\"elementor-screen-only\"><\/span>\r\n\t\t\t\t\t\t\t\t\t<\/a>\r\n\t\t\t<\/li>\r\n\t\t\t\r\n\r\n\r\n\t\t<\/ul>\r\n    <\/div>\r\n    <div class=\"team-box\">\r\n        <div class=\"team-box-relative\">\r\n            <h3 >Marcus Paulo Gurgel<\/h3>\r\n            <p >Vice Presidente<\/p>\r\n       \r\n        <\/div>\r\n    <\/div>\r\n<\/div>\r\n\r\n\t\t\t\t<\/div>\n\t\t\t\t<\/div>\n\t\t\t\t<div class=\"elementor-element elementor-element-5eb64fd elementor-widget elementor-widget-text-editor\" data-id=\"5eb64fd\" data-element_type=\"widget\" data-widget_type=\"text-editor.default\">\n\t\t\t\t<div class=\"elementor-widget-container\">\n\t\t\t\t\t\t\t\t\t<span style=\"color: #000000;\">Trabalhou para o retorno da prova Cicl\u00edstica Internacional 9 de Julho as ruas da cidade de S\u00e3o Paulo a partir de 2015, organizando as edi\u00e7\u00f5es 69, 70, 71 e 72 na Gazeta Esportiva.<\/span><\/span>\n<br>\n\n<span style=\"color: #000000;\">Publicit\u00e1rio com gradua\u00e7\u00e3o tamb\u00e9m em Direito ir\u00e1 integrar marcas as a\u00e7\u00f5es da FPC, desenvolver parcerias comerciais, captar patrocinadores, aplicar formatos de viabilidade de recurso e construir rela\u00e7\u00f5es internacionais e mercadol\u00f3gicas.<\/li>\n<\/ul>\t\t\t\t\t\t\t\t<\/div>\n\t\t\t\t<\/div>\n\t\t\t\t\t<\/div>\n\t\t<\/div>\n\t\t\t\t\t<\/div>\n\t\t<\/section>\n\t\t<div class=\"elementor-element elementor-element-9088a92 e-flex e-con-boxed e-con e-parent\" data-id=\"9088a92\" data-element_type=\"container\">\n\t\t\t\t\t<div class=\"e-con-inner\">\n\t\t\t\t<div class=\"elementor-element elementor-element-084eb49 elementor-tabs-view-horizontal elementor-widget elementor-widget-tabs\" data-id=\"084eb49\" data-element_type=\"widget\" data-widget_type=\"tabs.default\">\n\t\t\t\t<div class=\"elementor-widget-container\">\n\t\t\t\t\t\t\t<div class=\"elementor-tabs\">\n\t\t\t<div class=\"elementor-tabs-wrapper\" role=\"tablist\" >\n\t\t\t\t\t\t\t\t\t<div id=\"elementor-tab-title-8711\" class=\"elementor-tab-title elementor-tab-desktop-title\" aria-selected=\"true\" data-tab=\"1\" role=\"tab\" tabindex=\"0\" aria-controls=\"elementor-tab-content-8711\" aria-expanded=\"false\">Roberson Figueiredo da Silva<\/div>\n\t\t\t\t\t\t\t\t\t<div id=\"elementor-tab-title-8712\" class=\"elementor-tab-title elementor-tab-desktop-title\" aria-selected=\"false\" data-tab=\"2\" role=\"tab\" tabindex=\"-1\" aria-controls=\"elementor-tab-content-8712\" aria-expanded=\"false\">Marcelo Eduardo Braga<\/div>\n\t\t\t\t\t\t\t\t\t<div id=\"elementor-tab-title-8713\" class=\"elementor-tab-title elementor-tab-desktop-title\" aria-selected=\"false\" data-tab=\"3\" role=\"tab\" tabindex=\"-1\" aria-controls=\"elementor-tab-content-8713\" aria-expanded=\"false\">Carlos Henrique - Kiko<\/div>\n\t\t\t\t\t\t\t\t\t<div id=\"elementor-tab-title-8714\" class=\"elementor-tab-title elementor-tab-desktop-title\" aria-selected=\"false\" data-tab=\"4\" role=\"tab\" tabindex=\"-1\" aria-controls=\"elementor-tab-content-8714\" aria-expanded=\"false\">Sonia Maria Bege Molina<\/div>\n\t\t\t\t\t\t\t\t\t<div id=\"elementor-tab-title-8715\" class=\"elementor-tab-title elementor-tab-desktop-title\" aria-selected=\"false\" data-tab=\"5\" role=\"tab\" tabindex=\"-1\" aria-controls=\"elementor-tab-content-8715\" aria-expanded=\"false\">Silvio Rodrigues<\/div>\n\t\t\t\t\t\t\t\t\t<div id=\"elementor-tab-title-8716\" class=\"elementor-tab-title elementor-tab-desktop-title\" aria-selected=\"false\" data-tab=\"6\" role=\"tab\" tabindex=\"-1\" aria-controls=\"elementor-tab-content-8716\" aria-expanded=\"false\">Waine Billafon<\/div>\n\t\t\t\t\t\t\t<\/div>\n\t\t\t<div class=\"elementor-tabs-content-wrapper\" role=\"tablist\" aria-orientation=\"vertical\">\n\t\t\t\t\t\t\t\t\t<div class=\"elementor-tab-title elementor-tab-mobile-title\" aria-selected=\"true\" data-tab=\"1\" role=\"tab\" tabindex=\"0\" aria-controls=\"elementor-tab-content-8711\" aria-expanded=\"false\">Roberson Figueiredo da Silva<\/div>\n\t\t\t\t\t<div id=\"elementor-tab-content-8711\" class=\"elementor-tab-content elementor-clearfix\" data-tab=\"1\" role=\"tabpanel\" aria-labelledby=\"elementor-tab-title-8711\" tabindex=\"0\" hidden=\"false\"><h5 style=\"text-align: center;\"><span style=\"color: #000000;\">Diretor Jur\u00eddico<\/span><\/h5><h5 style=\"text-align: center;\"><span class=\"wpsm_team_1_b_desig\" style=\"color: #000000;\">Advogado<\/span><\/h5><p class=\"wpsm_team_1_b_desc\" style=\"text-align: left;\"><span style=\"color: #000000;\">12 anos de atua\u00e7\u00e3o no Direito Desportivo, Administrativo, Tribut\u00e1rio e P\u00fablico. Membro da OAB\/PR DO TJD &#8211; CICLISMO 2018,2019, 2020. Representei o Brasil em competi\u00e7\u00f5es internacionais de ciclismo na Europa e USA. Campe\u00e3o Brasileiro 5 vezes, Vice-Campe\u00e3o Pan-americano, 300 vit\u00f3rias em 23 anos de ciclismo, Campe\u00e3o Paranaense, Campe\u00e3o Catarinense, Campe\u00e3o Paulista, Campe\u00e3o da 9\u00ba de Julho, integrante da Sele\u00e7\u00e3o Brasileira por 5 vezes.<\/span><\/p><\/div>\n\t\t\t\t\t\t\t\t\t<div class=\"elementor-tab-title elementor-tab-mobile-title\" aria-selected=\"false\" data-tab=\"2\" role=\"tab\" tabindex=\"-1\" aria-controls=\"elementor-tab-content-8712\" aria-expanded=\"false\">Marcelo Eduardo Braga<\/div>\n\t\t\t\t\t<div id=\"elementor-tab-content-8712\" class=\"elementor-tab-content elementor-clearfix\" data-tab=\"2\" role=\"tabpanel\" aria-labelledby=\"elementor-tab-title-8712\" tabindex=\"0\" hidden=\"hidden\"><h5 style=\"text-align: center;\"><span style=\"color: #000000;\">Diretor de Imprensa<\/span><\/h5><p class=\"wpsm_team_1_b_desc\" style=\"text-align: left;\"><span style=\"color: #000000;\">Jornalista formado pela Funda\u00e7\u00e3o C\u00e1sper L\u00edbero em 1986, atua no segmento deste 1988, quando da primeira Volta Cicl\u00edstica Internacional do Brasil. De l\u00e1 para c\u00e1, cobriu e divulgou v\u00e1rios eventos de ciclismo no pa\u00eds e no exterior, com destaque para o Race Across Am\u00e9rica, nos Estados Unidos.<\/span><\/p><\/div>\n\t\t\t\t\t\t\t\t\t<div class=\"elementor-tab-title elementor-tab-mobile-title\" aria-selected=\"false\" data-tab=\"3\" role=\"tab\" tabindex=\"-1\" aria-controls=\"elementor-tab-content-8713\" aria-expanded=\"false\">Carlos Henrique - Kiko<\/div>\n\t\t\t\t\t<div id=\"elementor-tab-content-8713\" class=\"elementor-tab-content elementor-clearfix\" data-tab=\"3\" role=\"tabpanel\" aria-labelledby=\"elementor-tab-title-8713\" tabindex=\"0\" hidden=\"hidden\"><h5 style=\"text-align: center;\"><span style=\"color: #000000;\">Diretor de Downhill<\/span><\/h5><p class=\"wpsm_team_1_b_desc\" style=\"text-align: left;\"><span style=\"color: #000000;\">Formado em Administra\u00e7\u00e3o de Empresas, j\u00e1 foi executivo em grandes empresas, ex atleta de mountain bike downhill, com mais de duzentas corridas no curr\u00edculo, muitos p\u00f3dios e conquistas no MTB Downhill. Atualmente mec\u00e2nico de bicicletas e a mais de quinze anos organizador de eventos de mountain bike, atual Diretor de Downhill na Federa\u00e7\u00e3o Paulista de Ciclismo.<\/span><\/p><\/div>\n\t\t\t\t\t\t\t\t\t<div class=\"elementor-tab-title elementor-tab-mobile-title\" aria-selected=\"false\" data-tab=\"4\" role=\"tab\" tabindex=\"-1\" aria-controls=\"elementor-tab-content-8714\" aria-expanded=\"false\">Sonia Maria Bege Molina<\/div>\n\t\t\t\t\t<div id=\"elementor-tab-content-8714\" class=\"elementor-tab-content elementor-clearfix\" data-tab=\"4\" role=\"tabpanel\" aria-labelledby=\"elementor-tab-title-8714\" tabindex=\"0\" hidden=\"hidden\"><h5 style=\"text-align: center;\"><span style=\"color: #000000;\">CREF 030946-P\/SP<\/span><\/h5><h5 style=\"text-align: center;\"><span style=\"color: #000000;\">Atividades:<\/span><\/h5><ul><li><span style=\"color: #000000;\">Presidente &#8211; L\u00edder \u2013 Liga de Desporto da Capital Vale do Para\u00edba e Litoral Norte do Estado de S\u00e3o Paulo;<\/span><\/li><li><span style=\"color: #000000;\">Gestora Esportiva &#8211; Clube de Ciclismo de S\u00e3o Jose dos Campos \u2013 1996 a 2021;<\/span><\/li><li><span style=\"color: #000000;\">Vice-Presidente &#8211; Federa\u00e7\u00e3o Paulista de Ciclismo \u2013 Gest\u00e3o 2010;<\/span><\/li><li><span style=\"color: #000000;\">Coordenadora &#8211; Atleta Cidad\u00e3o S\u00e3o Jos\u00e9 dos Campos \u2013 Modalidade Ciclismo \u2013 2012 \/2018;<\/span><\/li><li><span style=\"color: #000000;\">Rela\u00e7\u00f5es P\u00fablicas \u2013 Sociedade Brasileira de M\u00e9dicos Executivos \u2013 SOBRAMEX;<\/span><\/li><li><span style=\"color: #000000;\">Diretora de Paraciclismo &#8211; Federa\u00e7\u00e3o Paulista de Ciclismo Gest\u00e3o 2021;<\/span><\/li><\/ul><h5 style=\"text-align: center;\"><span style=\"color: #000000;\">Idealizou e Realiza os Eventos:<\/span><\/h5><ul><li><span style=\"color: #000000;\">Inter Estadual S\u00e3o Paulo \/ Rio de Janeiro- 1997 a 1999<\/span><\/li><li><span style=\"color: #000000;\">Grande Pr\u00eamio S\u00e3o Jos\u00e9 dos Campos de Ciclismo \u2013 2005 a 2014;<\/span><\/li><li><span style=\"color: #000000;\">Grande Pr\u00eamio S\u00e3o Jos\u00e9 dos Campos &#8211; Urban Challenge \u2013 2017 a 2021;<\/span><\/li><li><span style=\"color: #000000;\">UBATUBA a PARATY &#8211; Campeonato Valeparaibano de Ciclismo \u2013 1999 a 2012;<\/span><\/li><li><span style=\"color: #000000;\">Gran Cup Brasil de Ciclismo \u2013 Ubatuba \u2013 2015 a 2021;<\/span><\/li><li><span style=\"color: #000000;\">Prova Ciclismo Cidade de Ubatuba \u2013 2014 a 2021;<\/span><\/li><li><span style=\"color: #000000;\">Campeonato Paulista de Paraciclismo \u2013 2010 a 2021;<\/span><\/li><li><span style=\"color: #000000;\">Super Copa Master e Juniores de Ciclismo &#8211; 2010 a 2021;<\/span><\/li><li><span style=\"color: #000000;\">GP Funvic Pindamonhangaba de Ciclismo &#8211; 2017 a 2021;<\/span><\/li><li><span style=\"color: #000000;\">GP Guaratinguet\u00e1 \u2013 2018 a 2019<\/span><\/li><li><span style=\"color: #000000;\">1\u00aa Feira MOBILITY &amp; SHOW VALE &#8211; 2019<\/span><\/li><li><span style=\"color: #000000;\">Campeonato Valeparaibano de Ciclismo \u2013 1996 a 2021;<\/span><\/li><\/ul><\/div>\n\t\t\t\t\t\t\t\t\t<div class=\"elementor-tab-title elementor-tab-mobile-title\" aria-selected=\"false\" data-tab=\"5\" role=\"tab\" tabindex=\"-1\" aria-controls=\"elementor-tab-content-8715\" aria-expanded=\"false\">Silvio Rodrigues<\/div>\n\t\t\t\t\t<div id=\"elementor-tab-content-8715\" class=\"elementor-tab-content elementor-clearfix\" data-tab=\"5\" role=\"tabpanel\" aria-labelledby=\"elementor-tab-title-8715\" tabindex=\"0\" hidden=\"hidden\"><p style=\"text-align: center;\"><span style=\"color: #000000;\"><strong>Diretor de seguran\u00e7a vi\u00e1ria<\/strong><\/span><\/p><p><span style=\"color: #000000;\">Ingressou na PMESP em 1993 tendo servido at\u00e9 2024.<\/span><br \/><span style=\"color: #000000;\">Serviu no 1\u00b0 BPChq, Rota, no 1\u00b0 BPRv, no sistema Anchieta \/ Imigrantes, no 13\u00b0 BPM\/M, \u00e1rea central de SP onde foi Cmt do efetivo da Nova Luz\/Cracol\u00e2ndia, tendo servido at\u00e9 o final da carreira no 6\u00b0 BPRv, Batalh\u00e3o da Pol\u00edcia Rodovi\u00e1ria que cuida do Rodoanel M\u00e1rio Covas, do Sistema Ayrton Senna\/Carvalho Pinto, da regi\u00e3o do Alto Tiet\u00ea e do Vale do Paraiba. Coordenou diversas edi\u00e7\u00f5es do Letape Tour D&#8217;France Campos do Jord\u00e3o e Cunha, bem como diversas edi\u00e7\u00f5es do Giro D&#8217;Italia Campos do Jord\u00e3o.<\/span><\/p><\/div>\n\t\t\t\t\t\t\t\t\t<div class=\"elementor-tab-title elementor-tab-mobile-title\" aria-selected=\"false\" data-tab=\"6\" role=\"tab\" tabindex=\"-1\" aria-controls=\"elementor-tab-content-8716\" aria-expanded=\"false\">Waine Billafon<\/div>\n\t\t\t\t\t<div id=\"elementor-tab-content-8716\" class=\"elementor-tab-content elementor-clearfix\" data-tab=\"6\" role=\"tabpanel\" aria-labelledby=\"elementor-tab-title-8716\" tabindex=\"0\" hidden=\"hidden\"><p style=\"text-align: center;\"><strong><span style=\"color: #000000;\">Consultor de Cidades, trabalha na WBS<\/span><\/strong><\/p><p><span style=\"color: #000000;\">Natural de Barueri, SP.<\/span><\/p><p><span style=\"color: #000000;\">Graduado em Hist\u00f3ria pela PUC-SP. Estudou Sociologia e Pol\u00edtica pela ESP-SP<\/span><\/p><p><span style=\"color: #000000;\">Exerceu os seguintes cargos p\u00fablicos:<\/span><\/p><p><span style=\"color: #000000;\"><strong>Vice-prefeito<\/strong> de Barueri, 2001\/2004.<\/span><\/p><p><span style=\"color: #000000;\"><strong>Vereador<\/strong> de Barueri entre 1993\/2.000.<\/span><\/p><p><span style=\"color: #000000;\"><strong>Presidente da C\u00e2mara<\/strong> de Barueri nos anos de 1997\/1998.<\/span><\/p><p><span style=\"color: #000000;\"><strong>Secret\u00e1rio de Comunica\u00e7\u00e3o<\/strong> de Barueri entre 2013- 2015.<\/span><\/p><p><span style=\"color: #000000;\"><strong>Presidente do IPRESB<\/strong> \u2013 Instituto de Previd\u00eancia de Barueri 2015 \u2013 2016.<\/span><\/p><p><span style=\"color: #000000;\"><strong>Assessor Parlamentar<\/strong> da Alesp entre 2010-2012 e 2019-2020.<\/span><\/p><p><span style=\"color: #000000;\"><strong>Chefe de Gabinete<\/strong> Sub-Prefeitura de Santana\/Tucuruvi 2021.<\/span><\/p><p><span style=\"color: #000000;\"><strong>Atualmente<\/strong>: Trabalha com projetos de Infra-estrutura: <\/span><br \/><span style=\"color: #000000;\">Principalmente nas \u00e1reas de Saneamento B\u00e1sico e Ilumina\u00e7\u00e3o P\u00fablica.<\/span><\/p><p><span style=\"color: #000000;\">Tem uma empresa de Marketing Pol\u00edtico com \u00eanfase em Campanhas Pol\u00edticas.<\/span><\/p><\/div>\n\t\t\t\t\t\t\t<\/div>\n\t\t<\/div>\n\t\t\t\t\t\t<\/div>\n\t\t\t\t<\/div>\n\t\t\t\t\t<\/div>\n\t\t\t\t<\/div>\n\t\t<div class=\"elementor-element elementor-element-7213e0f e-flex e-con-boxed e-con e-parent\" data-id=\"7213e0f\" data-element_type=\"container\">\n\t\t\t\t\t<div class=\"e-con-inner\">\n\t\t\t\t<div class=\"elementor-element elementor-element-835e201 elementor-tabs-view-horizontal elementor-widget elementor-widget-tabs\" data-id=\"835e201\" data-element_type=\"widget\" data-widget_type=\"tabs.default\">\n\t\t\t\t<div class=\"elementor-widget-container\">\n\t\t\t\t\t\t\t<div class=\"elementor-tabs\">\n\t\t\t<div class=\"elementor-tabs-wrapper\" role=\"tablist\" >\n\t\t\t\t\t\t\t\t\t<div id=\"elementor-tab-title-1371\" class=\"elementor-tab-title elementor-tab-desktop-title\" aria-selected=\"true\" data-tab=\"1\" role=\"tab\" tabindex=\"0\" aria-controls=\"elementor-tab-content-1371\" aria-expanded=\"false\">Jesse Teixeira Felix<\/div>\n\t\t\t\t\t\t\t\t\t<div id=\"elementor-tab-title-1372\" class=\"elementor-tab-title elementor-tab-desktop-title\" aria-selected=\"false\" data-tab=\"2\" role=\"tab\" tabindex=\"-1\" aria-controls=\"elementor-tab-content-1372\" aria-expanded=\"false\">Jonas Carlos Pereira<\/div>\n\t\t\t\t\t\t\t<\/div>\n\t\t\t<div class=\"elementor-tabs-content-wrapper\" role=\"tablist\" aria-orientation=\"vertical\">\n\t\t\t\t\t\t\t\t\t<div class=\"elementor-tab-title elementor-tab-mobile-title\" aria-selected=\"true\" data-tab=\"1\" role=\"tab\" tabindex=\"0\" aria-controls=\"elementor-tab-content-1371\" aria-expanded=\"false\">Jesse Teixeira Felix<\/div>\n\t\t\t\t\t<div id=\"elementor-tab-content-1371\" class=\"elementor-tab-content elementor-clearfix\" data-tab=\"1\" role=\"tabpanel\" aria-labelledby=\"elementor-tab-title-1371\" tabindex=\"0\" hidden=\"false\"><h5 style=\"text-align: center;\">Diretor de Cicloturismo e Mobilidade<\/h5><h5 style=\"text-align: center;\">\u00a0<\/h5><p><span style=\"color: #000000;\">Presidente da Associa\u00e7\u00e3o Brasileira de Ciclistas, Membro do Ciclo Comit\u00ea Paulista, participante da Frente parlamentar em Defesa da Mobilidade Ciclo vi\u00e1ria do Estado de S\u00e3o Paulo, presidente da Frente dos Ciclistas da Baixada Santista, Litoral e Vale do Ribeira.<\/span><\/p><p><span style=\"color: #000000;\">V\u00e1rios Eventos que s\u00e3o realizados pela Associa\u00e7\u00e3o Brasileira de Ciclistas<\/span><br \/><span style=\"color: #000000;\">\u2022 FESTIVAL DA BICICLETA<\/span><br \/><span style=\"color: #000000;\">\u2022 SANTOS CIDADE DA BICICLETA<\/span><br \/><span style=\"color: #000000;\">\u2022 SEMANA MUNICIPAL DO CICLISTAS<\/span><br \/><span style=\"color: #000000;\">\u2022 DIA MUNDIAL SEM CARRO<\/span><br \/><span style=\"color: #000000;\">\u2022 100 ANOS DA BICICLETA EM SANTOS<\/span><br \/><span style=\"color: #000000;\">\u2022 SEMANA DA MOBILIDADE CICLOVI\u00c1RIA<\/span><br \/><span style=\"color: #000000;\">\u2022 ENTREGA DA MEDALHA &#8220;CLAUDIO CLARINDO&#8221;<\/span><br \/><span style=\"color: #000000;\">\u2022 PREFEITO AMIGO DA BICICLETA<\/span><br \/><span style=\"color: #000000;\">\u2022 GOVERNADOR AMIGO DA BICICLETA<\/span><br \/><span style=\"color: #000000;\">\u2022 MEDALHA &#8220;GILZE FRANCISCO&#8221;<\/span><\/p><\/div>\n\t\t\t\t\t\t\t\t\t<div class=\"elementor-tab-title elementor-tab-mobile-title\" aria-selected=\"false\" data-tab=\"2\" role=\"tab\" tabindex=\"-1\" aria-controls=\"elementor-tab-content-1372\" aria-expanded=\"false\">Jonas Carlos Pereira<\/div>\n\t\t\t\t\t<div id=\"elementor-tab-content-1372\" class=\"elementor-tab-content elementor-clearfix\" data-tab=\"2\" role=\"tabpanel\" aria-labelledby=\"elementor-tab-title-1372\" tabindex=\"0\" hidden=\"hidden\"><h5 style=\"text-align: center;\"><span style=\"color: #000000;\">Diretor de BMX<\/span><\/h5><p class=\"wpsm_team_1_b_desc\" style=\"text-align: left;\"><span style=\"color: #000000;\">Empres\u00e1rio, casado e a pai de 4 filhos. H\u00e1 18 anos se dedica ao ciclismo BMX, \u00e9 um dos fundadores em 2013 da Associa\u00e7\u00e3o de ciclismo e BMX de Indaiatuba, foi diretor financeiro da Associa\u00e7\u00e3o Paulista de Bicicross e Vice Presidente. Cursou para forma\u00e7\u00e3o de comiss\u00e1rios nacionais de BMX, ministrado pela UCI (Uni\u00e3o Cicl\u00edstica Internacional).<\/span><\/p><\/div>\n\t\t\t\t\t\t\t<\/div>\n\t\t<\/div>\n\t\t\t\t\t\t<\/div>\n\t\t\t\t<\/div>\n\t\t\t\t\t<\/div>\n\t\t\t\t<\/div>\n\t\t<div class=\"elementor-element elementor-element-1bae1cc e-flex e-con-boxed e-con e-parent\" data-id=\"1bae1cc\" data-element_type=\"container\">\n\t\t\t\t\t<div class=\"e-con-inner\">\n\t\t<div class=\"elementor-element elementor-element-d91c8ae e-con-full e-flex e-con e-child\" data-id=\"d91c8ae\" data-element_type=\"container\">\n\t\t\t\t<div class=\"elementor-element elementor-element-7ce3685 elementor-widget elementor-widget-text-editor\" data-id=\"7ce3685\" data-element_type=\"widget\" data-widget_type=\"text-editor.default\">\n\t\t\t\t<div class=\"elementor-widget-container\">\n\t\t\t\t\t\t\t\t\t<p style=\"text-align: center;\"><span style=\"color: #000000;\"><b>Membros do Conselho Fiscal Titular:<\/b><b><br \/><\/b><b><br \/><\/b><span style=\"font-weight: 400;\">Ricardo Gava Rodrigues <\/span><span style=\"font-weight: 400;\"><br \/><\/span><span style=\"font-weight: 400;\">Kleber Lopes Bahia <\/span><span style=\"font-weight: 400;\"><br \/><\/span><span style=\"font-weight: 400;\">Camila Rodrigues do Nascimento Carapia<\/span><\/span><span style=\"font-weight: 400;\"><br \/><\/span><\/p>\t\t\t\t\t\t\t\t<\/div>\n\t\t\t\t<\/div>\n\t\t\t\t<\/div>\n\t\t<div class=\"elementor-element elementor-element-b36dbae e-con-full e-flex e-con e-child\" data-id=\"b36dbae\" data-element_type=\"container\">\n\t\t\t\t<div class=\"elementor-element elementor-element-a5241fe elementor-widget elementor-widget-text-editor\" data-id=\"a5241fe\" data-element_type=\"widget\" data-widget_type=\"text-editor.default\">\n\t\t\t\t<div class=\"elementor-widget-container\">\n\t\t\t\t\t\t\t\t\t<p style=\"text-align: center;\"><span style=\"color: #000000;\"><b>Membros do Conselho Fiscal Suplente:<\/b><b><br \/><\/b><b><br \/><\/b><span style=\"font-weight: 400;\">Ronivaldo Donizete Donon<\/span><span style=\"font-weight: 400;\"><br \/><\/span><span style=\"font-weight: 400;\">Iraildes Bacelar dos Santos<\/span><span style=\"font-weight: 400;\"><br \/><\/span><span style=\"font-weight: 400;\">Fabio antonio da Silva\u00a0<\/span><\/span><span style=\"font-weight: 400;\"><br \/><\/span><\/p>\t\t\t\t\t\t\t\t<\/div>\n\t\t\t\t<\/div>\n\t\t\t\t<\/div>\n\t\t\t\t\t<\/div>\n\t\t\t\t<\/div>\n\t\t\t\t<\/div>\n\t\t","protected":false},"excerpt":{"rendered":"<p>Membros FPC Jos\u00e9 Claudio Presidente Conhecido por todos como Facex Ciclista Profissional \u2013 Temporadas 1.999 a 2011 ( 12 anos consecutivos); Penta Campe\u00e3o Paulista de Montanha; Campe\u00e3o Brasileiro de Estrada \u2013 1.999; Campe\u00e3o da Volta do Descobrimento \u2013 Bahia 1999; Campe\u00e3o de Montanha da Volta do Litoral do Paran\u00e1 \u2013 2001; Campe\u00e3o da Volta Internacional do Estado de S\u00e3o Paulo &hellip;<\/p>\n","protected":false},"author":1,"featured_media":0,"parent":0,"menu_order":0,"comment_status":"closed","ping_status":"closed","template":"blank-builder.php","meta":{"footnotes":""},"class_list":["post-894","page","type-page","status-publish","hentry"],"_links":{"self":[{"href":"https:\/\/fpciclismo.org.br\/index.php\/wp-json\/wp\/v2\/pages\/894","targetHints":{"allow":["GET"]}}],"collection":[{"href":"https:\/\/fpciclismo.org.br\/index.php\/wp-json\/wp\/v2\/pages"}],"about":[{"href":"https:\/\/fpciclismo.org.br\/index.php\/wp-json\/wp\/v2\/types\/page"}],"author":[{"embeddable":true,"href":"https:\/\/fpciclismo.org.br\/index.php\/wp-json\/wp\/v2\/users\/1"}],"replies":[{"embeddable":true,"href":"https:\/\/fpciclismo.org.br\/index.php\/wp-json\/wp\/v2\/comments?post=894"}],"version-history":[{"count":68,"href":"https:\/\/fpciclismo.org.br\/index.php\/wp-json\/wp\/v2\/pages\/894\/revisions"}],"predecessor-version":[{"id":5040,"href":"https:\/\/fpciclismo.org.br\/index.php\/wp-json\/wp\/v2\/pages\/894\/revisions\/5040"}],"wp:attachment":[{"href":"https:\/\/fpciclismo.org.br\/index.php\/wp-json\/wp\/v2\/media?parent=894"}],"curies":[{"name":"wp","href":"https:\/\/api.w.org\/{rel}","templated":true}]}}